{"id":21,"date":"2021-03-13T22:27:25","date_gmt":"2021-03-13T22:27:25","guid":{"rendered":"https:\/\/felixconcha.com\/web\/index.php\/diseno-de-cuadricula\/"},"modified":"2021-03-14T01:23:14","modified_gmt":"2021-03-14T01:23:14","slug":"diseno-de-cuadricula","status":"publish","type":"page","link":"https:\/\/felixconcha.com\/web\/index.php\/diseno-de-cuadricula\/","title":{"rendered":"Catalogo"},"content":{"rendered":"\t\t<div data-elementor-type=\"wp-page\" data-elementor-id=\"21\" class=\"elementor elementor-21\" data-elementor-settings=\"[]\">\n\t\t\t\t\t\t<div class=\"elementor-inner\">\n\t\t\t\t\t\t\t<div class=\"elementor-section-wrap\">\n\t\t\t\t\t\t\t<section class=\"elementor-section elementor-top-section elementor-element elementor-element-7e0c2acc elementor-section-boxed elementor-section-height-default elementor-section-height-default\" data-id=\"7e0c2acc\" data-element_type=\"section\">\n\t\t\t\t\t\t<div class=\"elementor-container elementor-column-gap-default\">\n\t\t\t\t\t\t\t<div class=\"elementor-row\">\n\t\t\t\t\t<div class=\"elementor-column elementor-col-100 elementor-top-column elementor-element elementor-element-5cfebd56\" data-id=\"5cfebd56\" data-element_type=\"column\">\n\t\t\t<div class=\"elementor-column-wrap elementor-element-populated\">\n\t\t\t\t\t\t\t<div class=\"elementor-widget-wrap\">\n\t\t\t\t\t\t<div class=\"elementor-element elementor-element-17c1c648 elementor-widget elementor-widget-shortcode\" data-id=\"17c1c648\" data-element_type=\"widget\" data-widget_type=\"shortcode.default\">\n\t\t\t\t<div class=\"elementor-widget-container\">\n\t\t\t\t\t<div class=\"elementor-shortcode\">\n    \n    <div class=\"es-wrap layers-elementor\">\n                    \n    <form method=\"GET\" action=\"https:\/\/felixconcha.com\/web\/index.php\/wp-json\/wp\/v2\/pages\/21\" class=\"es-dropdown-container\">\n        <select class=\"js-es-select2-base js-es-change-submit\" name=\"redirect_view_sort\">\n                            <option value=\"recent\" >M\u00e1s reciente<\/option>\n                            <option value=\"highest_price\" >Precio m\u00e1s alto<\/option>\n                            <option value=\"lowest_price\" >Precio m\u00e1s bajo<\/option>\n                            <option value=\"featured\" >Destacado<\/option>\n                    <\/select>\n        <input type=\"hidden\" name=\"shortcode_identifier\" value=\"1\"\/>\n    <\/form>\n                <div class=\"es-listing es-layout-3_col\">\n                            \n<div id=\"post-4806\" class=\"post-4806 properties type-properties status-publish has-post-thumbnail hentry\">\n    <div class=\"es-property-inner\">\n        <div class=\"es-property-thumbnail\">\n            <div class=\"es-thumbnail\">\n                <a href=\"https:\/\/felixconcha.com\/web\/index.php\/propiedad\/venta-de-terreno-urbano-3\/\">\n                                            <img width=\"536\" height=\"370\" src=\"https:\/\/felixconcha.com\/web\/wp-content\/uploads\/2026\/04\/Screenshot_20260426_171020_Gallery-536x370.jpg\" class=\"attachment-es-image-size-archive size-es-image-size-archive\" alt=\"\" loading=\"lazy\" \/>                    \n                                            <ul class=\"es-property-label-wrap\">\n                                                                                                                                                                                                                                        <\/ul>\n                                                                <div class=\"es-thumbnail-bottom\">7<\/div>\n                                    <\/a>\n            <\/div>\n        <\/div>\n\n        <div class=\"es-property-info\">\n\n            <div class=\"es-row-view\">\n                <h2>\n                    <a href=\"https:\/\/felixconcha.com\/web\/index.php\/propiedad\/venta-de-terreno-urbano-3\/\">Argomilla, Espa\u00f1a<\/a>\n                    <span class=\"es-price\">140.000,00 \u20ac<\/span>                <\/h2>\n            <\/div>\n\n            <div class=\"es-col-view\">\n                <h2>\n                    <a class=\"es-property-link\" href=\"https:\/\/felixconcha.com\/web\/index.php\/propiedad\/venta-de-terreno-urbano-3\/\">Argomilla, Espa\u00f1a<\/a>\n\t                                <\/h2>\n\t            <span class=\"es-price\">140.000,00 \u20ac<\/span>            <\/div>\n\n\t        \n            <div class=\"es-property-content\">\n                <div class=\"es-property-excerpt\">\n\t\t            <p class=\"excerpt\">Fant\u00e1stico terreno urbano de 4174 m2 con posibilidad de hacer varias segregaciones .Tiene cerca todos los suministros esenciales agua,electricidad, saneamiento y fibra .Situado en un entorno naturaleza de los Valles Pasiegos. Muy cerca de la autov\u00eda A8.Aproximadamente 20 minutos de las playas y de Santander<\/p>\n                <\/div>\n                <div class=\"es-property-wishlist\">\n\t\t                            <\/div>\n            <\/div>\n\n\n            <div class=\"es-bottom-info\">\n\n                \n                \n                <div class=\"es-details-wrap \">\n                    <div class=\"es-details-flex\">\n                                                    <div class=\"es-map-link-wrap\">\n                                <a href=\"#\" class=\"es-map-view-link es-hover-show\" data-longitude=\"-3.8750755\"\n                                   data-latitude=\"43.3080457\">Ver en mapa<\/a>\n                            <\/div>\n                                                <span class=\"es-read-wrap\">\n                            <a href=\"https:\/\/felixconcha.com\/web\/index.php\/propiedad\/venta-de-terreno-urbano-3\/\" class=\"es-button es-button-orange es-hover-show es-read\">Detalles<\/a>\n                        <\/span>\n                    <\/div>\n                <\/div>\n            <\/div>\n        <\/div>\n\n    <\/div>\n<\/div>\n                            \n<div id=\"post-4782\" class=\"post-4782 properties type-properties status-publish has-post-thumbnail hentry\">\n    <div class=\"es-property-inner\">\n        <div class=\"es-property-thumbnail\">\n            <div class=\"es-thumbnail\">\n                <a href=\"https:\/\/felixconcha.com\/web\/index.php\/propiedad\/venta-de-cabana-18\/\">\n                                            <img width=\"536\" height=\"370\" src=\"https:\/\/felixconcha.com\/web\/wp-content\/uploads\/2026\/04\/Screenshot_20260421_231118_Gallery-1-536x370.jpg\" class=\"attachment-es-image-size-archive size-es-image-size-archive\" alt=\"\" loading=\"lazy\" \/>                    \n                                            <ul class=\"es-property-label-wrap\">\n                                                                                                                                                                                                                                        <\/ul>\n                                                                <div class=\"es-thumbnail-bottom\">12<\/div>\n                                    <\/a>\n            <\/div>\n        <\/div>\n\n        <div class=\"es-property-info\">\n\n            <div class=\"es-row-view\">\n                <h2>\n                    <a href=\"https:\/\/felixconcha.com\/web\/index.php\/propiedad\/venta-de-cabana-18\/\">Barrio Escobedo, Villafufre, Espa\u00f1a<\/a>\n                    <span class=\"es-price\">105.000,00 \u20ac<\/span>                <\/h2>\n            <\/div>\n\n            <div class=\"es-col-view\">\n                <h2>\n                    <a class=\"es-property-link\" href=\"https:\/\/felixconcha.com\/web\/index.php\/propiedad\/venta-de-cabana-18\/\">Barrio Escobedo, Villafufre, Espa\u00f1a<\/a>\n\t                                <\/h2>\n\t            <span class=\"es-price\">105.000,00 \u20ac<\/span>            <\/div>\n\n\t        \n            <div class=\"es-property-content\">\n                <div class=\"es-property-excerpt\">\n\t\t            <p class=\"excerpt\">Magnifica caba\u00f1a de 130 m2 enclavada en una finca de 11759 m2 .Tiene agua de manantial no tiene luz ,se podr\u00eda traer de un poste cercano. La parcela se podr\u00eda segregar ya que tiene la parcela m\u00ednima para segregar y tambi\u00e9n cumple la distancia a urbano. Zona muy tranquila con un bonito paisaje monta\u00f1\u00e9s.<\/p>\n                <\/div>\n                <div class=\"es-property-wishlist\">\n\t\t                            <\/div>\n            <\/div>\n\n\n            <div class=\"es-bottom-info\">\n\n                \n                \n                <div class=\"es-details-wrap \">\n                    <div class=\"es-details-flex\">\n                                                    <div class=\"es-map-link-wrap\">\n                                <a href=\"#\" class=\"es-map-view-link es-hover-show\" data-longitude=\"-3.9188927\"\n                                   data-latitude=\"43.2673231\">Ver en mapa<\/a>\n                            <\/div>\n                                                <span class=\"es-read-wrap\">\n                            <a href=\"https:\/\/felixconcha.com\/web\/index.php\/propiedad\/venta-de-cabana-18\/\" class=\"es-button es-button-orange es-hover-show es-read\">Detalles<\/a>\n                        <\/span>\n                    <\/div>\n                <\/div>\n            <\/div>\n        <\/div>\n\n    <\/div>\n<\/div>\n                            \n<div id=\"post-4772\" class=\"post-4772 properties type-properties status-publish has-post-thumbnail hentry\">\n    <div class=\"es-property-inner\">\n        <div class=\"es-property-thumbnail\">\n            <div class=\"es-thumbnail\">\n                <a href=\"https:\/\/felixconcha.com\/web\/index.php\/propiedad\/venta-local-comercial\/\">\n                                            <img width=\"536\" height=\"370\" src=\"https:\/\/felixconcha.com\/web\/wp-content\/uploads\/2026\/04\/20260401_181824-536x370.jpg\" class=\"attachment-es-image-size-archive size-es-image-size-archive\" alt=\"\" loading=\"lazy\" \/>                    \n                                            <ul class=\"es-property-label-wrap\">\n                                                                                                                                                                                                                                        <\/ul>\n                                                                <div class=\"es-thumbnail-bottom\">7<\/div>\n                                    <\/a>\n            <\/div>\n        <\/div>\n\n        <div class=\"es-property-info\">\n\n            <div class=\"es-row-view\">\n                <h2>\n                    <a href=\"https:\/\/felixconcha.com\/web\/index.php\/propiedad\/venta-local-comercial\/\">Barrio la Penilla, Santa Mar\u00eda de Cay\u00f3n, Espa\u00f1a<\/a>\n                    <span class=\"es-price\">25.000,00 \u20ac<\/span>                <\/h2>\n            <\/div>\n\n            <div class=\"es-col-view\">\n                <h2>\n                    <a class=\"es-property-link\" href=\"https:\/\/felixconcha.com\/web\/index.php\/propiedad\/venta-local-comercial\/\">Barrio la Penilla, Santa Mar\u00eda de Cay\u00f3n, Espa\u00f1a<\/a>\n\t                                <\/h2>\n\t            <span class=\"es-price\">25.000,00 \u20ac<\/span>            <\/div>\n\n\t        \n            <div class=\"es-property-content\">\n                <div class=\"es-property-excerpt\">\n\t\t            <p class=\"excerpt\">Local comercial de 40 m2 con entrada por dos calles una peatonal y otra con vado. Ahora tiene uso de almac\u00e9n .Se puede utilizar como local comercial y se podr\u00eda solicitar el cambio de uso a vivienda .Ubicado en la Penilla de Cayon con todos los servicios esenciales.<\/p>\n                <\/div>\n                <div class=\"es-property-wishlist\">\n\t\t                            <\/div>\n            <\/div>\n\n\n            <div class=\"es-bottom-info\">\n\n                \n                \n                <div class=\"es-details-wrap \">\n                    <div class=\"es-details-flex\">\n                                                    <div class=\"es-map-link-wrap\">\n                                <a href=\"#\" class=\"es-map-view-link es-hover-show\" data-longitude=\"-3.8821514\"\n                                   data-latitude=\"43.318309\">Ver en mapa<\/a>\n                            <\/div>\n                                                <span class=\"es-read-wrap\">\n                            <a href=\"https:\/\/felixconcha.com\/web\/index.php\/propiedad\/venta-local-comercial\/\" class=\"es-button es-button-orange es-hover-show es-read\">Detalles<\/a>\n                        <\/span>\n                    <\/div>\n                <\/div>\n            <\/div>\n        <\/div>\n\n    <\/div>\n<\/div>\n                            \n<div id=\"post-4744\" class=\"post-4744 properties type-properties status-publish has-post-thumbnail hentry\">\n    <div class=\"es-property-inner\">\n        <div class=\"es-property-thumbnail\">\n            <div class=\"es-thumbnail\">\n                <a href=\"https:\/\/felixconcha.com\/web\/index.php\/propiedad\/venta-de-duplex\/\">\n                                            <img width=\"536\" height=\"370\" src=\"https:\/\/felixconcha.com\/web\/wp-content\/uploads\/2026\/03\/Screenshot_20260315_005446_Gallery-536x370.jpg\" class=\"attachment-es-image-size-archive size-es-image-size-archive\" alt=\"\" loading=\"lazy\" \/>                    \n                                            <ul class=\"es-property-label-wrap\">\n                                                                                                                                                            <li class=\"es-property-label es-property-label-reservado\"\n                                        style=\"color:#00cbf0\">Reservado<\/li><br>\n                                                                                                                                                <\/ul>\n                                                                <div class=\"es-thumbnail-bottom\">22<\/div>\n                                    <\/a>\n            <\/div>\n        <\/div>\n\n        <div class=\"es-property-info\">\n\n            <div class=\"es-row-view\">\n                <h2>\n                    <a href=\"https:\/\/felixconcha.com\/web\/index.php\/propiedad\/venta-de-duplex\/\">Santa Cruz de Bezana, Espa\u00f1a<\/a>\n                    <span class=\"es-price\">285.000,00 \u20ac<\/span>                <\/h2>\n            <\/div>\n\n            <div class=\"es-col-view\">\n                <h2>\n                    <a class=\"es-property-link\" href=\"https:\/\/felixconcha.com\/web\/index.php\/propiedad\/venta-de-duplex\/\">Santa Cruz de Bezana, Espa\u00f1a<\/a>\n\t                                <\/h2>\n\t            <span class=\"es-price\">285.000,00 \u20ac<\/span>            <\/div>\n\n\t        \n            <div class=\"es-property-content\">\n                <div class=\"es-property-excerpt\">\n\t\t            <p class=\"excerpt\">Fant\u00e1stico piso duplex de 125 m2 que dispone en planta baja de Hall de entrada, cocina con tendedero, 2 habitaciones,sal\u00f3n-comedor y terraza.La segunda planta 2 habitaciones y ba\u00f1o.Tiene plaza de garaje y trastero. Ubicado en una zona excelente muy c\u00e9ntrica con todos los servicios esenciales y trasporte p\u00fablico. La urbanizaci\u00f3n tiene piscina y zona deportiva [&hellip;]<\/p>\n                <\/div>\n                <div class=\"es-property-wishlist\">\n\t\t                            <\/div>\n            <\/div>\n\n\n            <div class=\"es-bottom-info\">\n\n                                    <div class=\"es-bottom-icon-cols\">\n                                                                             <span class=\"es-bottom-icon\"><i class=\"es-icon es-bed\" aria-hidden=\"true\"><\/i> 4 \u0441uartos<\/span>                                                                            <span class=\"es-bottom-icon\"><i class=\"es-icon es-bath\" aria-hidden=\"true\"><\/i> 2 ba\u00f1os<\/span>                                            <\/div>\n                \n                                    <div class=\"es-bottom-icon-list\">\n                                                                            <span class=\"es-bottom-icon\"><i class=\"es-icon es-bed\" aria-hidden=\"true\"><\/i> 4 \u0441uartos<\/span>                                                                            <span class=\"es-bottom-icon\"><i class=\"es-icon es-bath\" aria-hidden=\"true\"><\/i> 2 ba\u00f1os<\/span>                                            <\/div>\n                \n                <div class=\"es-details-wrap es-details-no-padding\">\n                    <div class=\"es-details-flex\">\n                                                    <div class=\"es-map-link-wrap\">\n                                <a href=\"#\" class=\"es-map-view-link es-hover-show\" data-longitude=\"-3.9024482\"\n                                   data-latitude=\"43.4425958\">Ver en mapa<\/a>\n                            <\/div>\n                                                <span class=\"es-read-wrap\">\n                            <a href=\"https:\/\/felixconcha.com\/web\/index.php\/propiedad\/venta-de-duplex\/\" class=\"es-button es-button-orange es-hover-show es-read\">Detalles<\/a>\n                        <\/span>\n                    <\/div>\n                <\/div>\n            <\/div>\n        <\/div>\n\n    <\/div>\n<\/div>\n                            \n<div id=\"post-4736\" class=\"post-4736 properties type-properties status-publish has-post-thumbnail hentry\">\n    <div class=\"es-property-inner\">\n        <div class=\"es-property-thumbnail\">\n            <div class=\"es-thumbnail\">\n                <a href=\"https:\/\/felixconcha.com\/web\/index.php\/propiedad\/venta-de-terreno-55\/\">\n                                            <img width=\"536\" height=\"370\" src=\"https:\/\/felixconcha.com\/web\/wp-content\/uploads\/2026\/02\/Screenshot_20260218_004336_Maps-536x370.jpg\" class=\"attachment-es-image-size-archive size-es-image-size-archive\" alt=\"\" loading=\"lazy\" \/>                    \n                                            <ul class=\"es-property-label-wrap\">\n                                                                                                                                                                                                                                        <\/ul>\n                                                                <div class=\"es-thumbnail-bottom\">3<\/div>\n                                    <\/a>\n            <\/div>\n        <\/div>\n\n        <div class=\"es-property-info\">\n\n            <div class=\"es-row-view\">\n                <h2>\n                    <a href=\"https:\/\/felixconcha.com\/web\/index.php\/propiedad\/venta-de-terreno-55\/\">La Abadilla, Santa Mar\u00eda de Cay\u00f3n, Espa\u00f1a<\/a>\n                    <span class=\"es-price\">120.000,00 \u20ac<\/span>                <\/h2>\n            <\/div>\n\n            <div class=\"es-col-view\">\n                <h2>\n                    <a class=\"es-property-link\" href=\"https:\/\/felixconcha.com\/web\/index.php\/propiedad\/venta-de-terreno-55\/\">La Abadilla, Santa Mar\u00eda de Cay\u00f3n, Espa\u00f1a<\/a>\n\t                                <\/h2>\n\t            <span class=\"es-price\">120.000,00 \u20ac<\/span>            <\/div>\n\n\t        \n            <div class=\"es-property-content\">\n                <div class=\"es-property-excerpt\">\n\t\t            <p class=\"excerpt\">Magnifico terreno urbano de 1585 m2 .Muy buena orientaci\u00f3n y\u00a0 muy buen acceso .Tiene los suministros a pie de parcela .La parcela\u00a0 tiene la posibilidad de segregar a la mitad y el precio seria la mitad .Esta situada en un entorno natural del Valle de Cayon que esta dentro de los Valles pasiegos. Aproximadamente unos [&hellip;]<\/p>\n                <\/div>\n                <div class=\"es-property-wishlist\">\n\t\t                            <\/div>\n            <\/div>\n\n\n            <div class=\"es-bottom-info\">\n\n                \n                \n                <div class=\"es-details-wrap \">\n                    <div class=\"es-details-flex\">\n                                                    <div class=\"es-map-link-wrap\">\n                                <a href=\"#\" class=\"es-map-view-link es-hover-show\" data-longitude=\"-3.853442199999999\"\n                                   data-latitude=\"43.3135984\">Ver en mapa<\/a>\n                            <\/div>\n                                                <span class=\"es-read-wrap\">\n                            <a href=\"https:\/\/felixconcha.com\/web\/index.php\/propiedad\/venta-de-terreno-55\/\" class=\"es-button es-button-orange es-hover-show es-read\">Detalles<\/a>\n                        <\/span>\n                    <\/div>\n                <\/div>\n            <\/div>\n        <\/div>\n\n    <\/div>\n<\/div>\n                            \n<div id=\"post-4723\" class=\"post-4723 properties type-properties status-publish has-post-thumbnail hentry\">\n    <div class=\"es-property-inner\">\n        <div class=\"es-property-thumbnail\">\n            <div class=\"es-thumbnail\">\n                <a href=\"https:\/\/felixconcha.com\/web\/index.php\/propiedad\/venta-de-piso-55\/\">\n                                            <img width=\"536\" height=\"370\" src=\"https:\/\/felixconcha.com\/web\/wp-content\/uploads\/2026\/02\/20260212_124253-536x370.jpg\" class=\"attachment-es-image-size-archive size-es-image-size-archive\" alt=\"\" loading=\"lazy\" \/>                    \n                                            <ul class=\"es-property-label-wrap\">\n                                                                                                                                                            <li class=\"es-property-label es-property-label-reservado\"\n                                        style=\"color:#00cbf0\">Reservado<\/li><br>\n                                                                                                                                                <\/ul>\n                                                                <div class=\"es-thumbnail-bottom\">12<\/div>\n                                    <\/a>\n            <\/div>\n        <\/div>\n\n        <div class=\"es-property-info\">\n\n            <div class=\"es-row-view\">\n                <h2>\n                    <a href=\"https:\/\/felixconcha.com\/web\/index.php\/propiedad\/venta-de-piso-55\/\">Tanos, Torrelavega, Espa\u00f1a<\/a>\n                    <span class=\"es-price\">90.000,00 \u20ac<\/span>                <\/h2>\n            <\/div>\n\n            <div class=\"es-col-view\">\n                <h2>\n                    <a class=\"es-property-link\" href=\"https:\/\/felixconcha.com\/web\/index.php\/propiedad\/venta-de-piso-55\/\">Tanos, Torrelavega, Espa\u00f1a<\/a>\n\t                                <\/h2>\n\t            <span class=\"es-price\">90.000,00 \u20ac<\/span>            <\/div>\n\n\t        \n            <div class=\"es-property-content\">\n                <div class=\"es-property-excerpt\">\n\t\t            <p class=\"excerpt\">Estupendo piso de 54 m2 que dispone de hall de entrada, cocina amplia ,sal\u00f3n ,ba\u00f1o,2 habitaciones .Zona muy tranquila con todos los servicios esenciales. Es muy luminoso con ventanas en todos los espacios .Necesita actualizaci\u00f3n,1\u00ba planta sin ascensor.<\/p>\n                <\/div>\n                <div class=\"es-property-wishlist\">\n\t\t                            <\/div>\n            <\/div>\n\n\n            <div class=\"es-bottom-info\">\n\n                                    <div class=\"es-bottom-icon-cols\">\n                                                                             <span class=\"es-bottom-icon\"><i class=\"es-icon es-bed\" aria-hidden=\"true\"><\/i> 2 \u0441uartos<\/span>                                                                            <span class=\"es-bottom-icon\"><i class=\"es-icon es-bath\" aria-hidden=\"true\"><\/i> 1 ba\u00f1o<\/span>                                            <\/div>\n                \n                                    <div class=\"es-bottom-icon-list\">\n                                                                            <span class=\"es-bottom-icon\"><i class=\"es-icon es-bed\" aria-hidden=\"true\"><\/i> 2 \u0441uartos<\/span>                                                                            <span class=\"es-bottom-icon\"><i class=\"es-icon es-bath\" aria-hidden=\"true\"><\/i> 1 ba\u00f1o<\/span>                                            <\/div>\n                \n                <div class=\"es-details-wrap es-details-no-padding\">\n                    <div class=\"es-details-flex\">\n                                                    <div class=\"es-map-link-wrap\">\n                                <a href=\"#\" class=\"es-map-view-link es-hover-show\" data-longitude=\"-4.0433763\"\n                                   data-latitude=\"43.3313366\">Ver en mapa<\/a>\n                            <\/div>\n                                                <span class=\"es-read-wrap\">\n                            <a href=\"https:\/\/felixconcha.com\/web\/index.php\/propiedad\/venta-de-piso-55\/\" class=\"es-button es-button-orange es-hover-show es-read\">Detalles<\/a>\n                        <\/span>\n                    <\/div>\n                <\/div>\n            <\/div>\n        <\/div>\n\n    <\/div>\n<\/div>\n                            \n<div id=\"post-4715\" class=\"post-4715 properties type-properties status-publish has-post-thumbnail hentry\">\n    <div class=\"es-property-inner\">\n        <div class=\"es-property-thumbnail\">\n            <div class=\"es-thumbnail\">\n                <a href=\"https:\/\/felixconcha.com\/web\/index.php\/propiedad\/venta-casa-11\/\">\n                                            <img width=\"536\" height=\"370\" src=\"https:\/\/felixconcha.com\/web\/wp-content\/uploads\/2026\/02\/Screenshot_20260207_103724_Gallery-536x370.jpg\" class=\"attachment-es-image-size-archive size-es-image-size-archive\" alt=\"\" loading=\"lazy\" \/>                    \n                                            <ul class=\"es-property-label-wrap\">\n                                                                                                                                                                                                                                        <\/ul>\n                                                                <div class=\"es-thumbnail-bottom\">5<\/div>\n                                    <\/a>\n            <\/div>\n        <\/div>\n\n        <div class=\"es-property-info\">\n\n            <div class=\"es-row-view\">\n                <h2>\n                    <a href=\"https:\/\/felixconcha.com\/web\/index.php\/propiedad\/venta-casa-11\/\">Cillero, Espa\u00f1a<\/a>\n                    <span class=\"es-price\">75.000,00 \u20ac<\/span>                <\/h2>\n            <\/div>\n\n            <div class=\"es-col-view\">\n                <h2>\n                    <a class=\"es-property-link\" href=\"https:\/\/felixconcha.com\/web\/index.php\/propiedad\/venta-casa-11\/\">Cillero, Espa\u00f1a<\/a>\n\t                                <\/h2>\n\t            <span class=\"es-price\">75.000,00 \u20ac<\/span>            <\/div>\n\n\t        \n            <div class=\"es-property-content\">\n                <div class=\"es-property-excerpt\">\n\t\t            <p class=\"excerpt\">Estupenda casa de piedra de 460 m2 repartidos en 155 m2 de vivienda y 305 de almacenes todo ello enclavado en una parcela de 1356.La vivienda dispone de cocina, sal\u00f3n-comedor,4 habitaciones,2 ba\u00f1os. Los 305 m2 de almacenes dentro de los cuales hay un antiguo bar .Necesita reforma integral. Tiene mucho potencial como negocio .Situado en el valle de Toranzo dentro de los Valles Pasiegos con el encanto de sus paisajes naturales.<\/p>\n                <\/div>\n                <div class=\"es-property-wishlist\">\n\t\t                            <\/div>\n            <\/div>\n\n\n            <div class=\"es-bottom-info\">\n\n                                    <div class=\"es-bottom-icon-cols\">\n                                                                             <span class=\"es-bottom-icon\"><i class=\"es-icon es-bed\" aria-hidden=\"true\"><\/i> 4 \u0441uartos<\/span>                                                                            <span class=\"es-bottom-icon\"><i class=\"es-icon es-bath\" aria-hidden=\"true\"><\/i> 2 ba\u00f1os<\/span>                                            <\/div>\n                \n                                    <div class=\"es-bottom-icon-list\">\n                                                                            <span class=\"es-bottom-icon\"><i class=\"es-icon es-bed\" aria-hidden=\"true\"><\/i> 4 \u0441uartos<\/span>                                                                            <span class=\"es-bottom-icon\"><i class=\"es-icon es-bath\" aria-hidden=\"true\"><\/i> 2 ba\u00f1os<\/span>                                            <\/div>\n                \n                <div class=\"es-details-wrap es-details-no-padding\">\n                    <div class=\"es-details-flex\">\n                                                    <div class=\"es-map-link-wrap\">\n                                <a href=\"#\" class=\"es-map-view-link es-hover-show\" data-longitude=\"-3.9486515\"\n                                   data-latitude=\"43.2543687\">Ver en mapa<\/a>\n                            <\/div>\n                                                <span class=\"es-read-wrap\">\n                            <a href=\"https:\/\/felixconcha.com\/web\/index.php\/propiedad\/venta-casa-11\/\" class=\"es-button es-button-orange es-hover-show es-read\">Detalles<\/a>\n                        <\/span>\n                    <\/div>\n                <\/div>\n            <\/div>\n        <\/div>\n\n    <\/div>\n<\/div>\n                            \n<div id=\"post-4686\" class=\"post-4686 properties type-properties status-publish has-post-thumbnail hentry\">\n    <div class=\"es-property-inner\">\n        <div class=\"es-property-thumbnail\">\n            <div class=\"es-thumbnail\">\n                <a href=\"https:\/\/felixconcha.com\/web\/index.php\/propiedad\/venta-de-terreno-54\/\">\n                                            <img width=\"536\" height=\"370\" src=\"https:\/\/felixconcha.com\/web\/wp-content\/uploads\/2026\/02\/Screenshot_20260204_005834_OneDrive-536x370.jpg\" class=\"attachment-es-image-size-archive size-es-image-size-archive\" alt=\"\" loading=\"lazy\" srcset=\"https:\/\/felixconcha.com\/web\/wp-content\/uploads\/2026\/02\/Screenshot_20260204_005834_OneDrive-536x370.jpg 536w, https:\/\/felixconcha.com\/web\/wp-content\/uploads\/2026\/02\/Screenshot_20260204_005834_OneDrive-300x208.jpg 300w\" sizes=\"(max-width: 536px) 100vw, 536px\" \/>                    \n                                            <ul class=\"es-property-label-wrap\">\n                                                                                                                                                                                                                                        <\/ul>\n                                                                <div class=\"es-thumbnail-bottom\">7<\/div>\n                                    <\/a>\n            <\/div>\n        <\/div>\n\n        <div class=\"es-property-info\">\n\n            <div class=\"es-row-view\">\n                <h2>\n                    <a href=\"https:\/\/felixconcha.com\/web\/index.php\/propiedad\/venta-de-terreno-54\/\">Vargas, Puente Viesgo, Espa\u00f1a<\/a>\n                    <span class=\"es-price\">160.000,00 \u20ac<\/span>                <\/h2>\n            <\/div>\n\n            <div class=\"es-col-view\">\n                <h2>\n                    <a class=\"es-property-link\" href=\"https:\/\/felixconcha.com\/web\/index.php\/propiedad\/venta-de-terreno-54\/\">Vargas, Puente Viesgo, Espa\u00f1a<\/a>\n\t                                <\/h2>\n\t            <span class=\"es-price\">160.000,00 \u20ac<\/span>            <\/div>\n\n\t        \n            <div class=\"es-property-content\">\n                <div class=\"es-property-excerpt\">\n\t\t            <p class=\"excerpt\">Fant\u00e1stica nave con\u00a0 terreno urbano de 224 m2 de construcci\u00f3n\u00a0 y 1100 m2 de terreno totalmente llano en el centro del pueblo ,con los suministros a pie de parcela .Aproximadamente a 10 minutos de Torrelavega y 20 minutos de Santander y de las playas. Situado en Vargas que pertenece al ayuntamiento de Puente Viesgo. Zona [&hellip;]<\/p>\n                <\/div>\n                <div class=\"es-property-wishlist\">\n\t\t                            <\/div>\n            <\/div>\n\n\n            <div class=\"es-bottom-info\">\n\n                \n                \n                <div class=\"es-details-wrap \">\n                    <div class=\"es-details-flex\">\n                                                    <div class=\"es-map-link-wrap\">\n                                <a href=\"#\" class=\"es-map-view-link es-hover-show\" data-longitude=\"-3.9593409\"\n                                   data-latitude=\"43.3263996\">Ver en mapa<\/a>\n                            <\/div>\n                                                <span class=\"es-read-wrap\">\n                            <a href=\"https:\/\/felixconcha.com\/web\/index.php\/propiedad\/venta-de-terreno-54\/\" class=\"es-button es-button-orange es-hover-show es-read\">Detalles<\/a>\n                        <\/span>\n                    <\/div>\n                <\/div>\n            <\/div>\n        <\/div>\n\n    <\/div>\n<\/div>\n                            \n<div id=\"post-4685\" class=\"post-4685 properties type-properties status-publish has-post-thumbnail hentry\">\n    <div class=\"es-property-inner\">\n        <div class=\"es-property-thumbnail\">\n            <div class=\"es-thumbnail\">\n                <a href=\"https:\/\/felixconcha.com\/web\/index.php\/propiedad\/venta-de-casa-y-nave\/\">\n                                            <img width=\"536\" height=\"370\" src=\"https:\/\/felixconcha.com\/web\/wp-content\/uploads\/2026\/02\/Screenshot_20260204_005737_OneDrive-536x370.jpg\" class=\"attachment-es-image-size-archive size-es-image-size-archive\" alt=\"\" loading=\"lazy\" \/>                    \n                                            <ul class=\"es-property-label-wrap\">\n                                                                                                                                                                                                                                        <\/ul>\n                                                                <div class=\"es-thumbnail-bottom\">24<\/div>\n                                    <\/a>\n            <\/div>\n        <\/div>\n\n        <div class=\"es-property-info\">\n\n            <div class=\"es-row-view\">\n                <h2>\n                    <a href=\"https:\/\/felixconcha.com\/web\/index.php\/propiedad\/venta-de-casa-y-nave\/\">Diseminado Vargas, Puente Viesgo, Espa\u00f1a<\/a>\n                    <span class=\"es-price\">260.000,00 \u20ac<\/span>                <\/h2>\n            <\/div>\n\n            <div class=\"es-col-view\">\n                <h2>\n                    <a class=\"es-property-link\" href=\"https:\/\/felixconcha.com\/web\/index.php\/propiedad\/venta-de-casa-y-nave\/\">Diseminado Vargas, Puente Viesgo, Espa\u00f1a<\/a>\n\t                                <\/h2>\n\t            <span class=\"es-price\">260.000,00 \u20ac<\/span>            <\/div>\n\n\t        \n            <div class=\"es-property-content\">\n                <div class=\"es-property-excerpt\">\n\t\t            <p class=\"excerpt\">Magnifica casa de piedra de 197 m2 en dos plantas y una nave de 224 m2 .Todo ello enclavado en una parcela urbana de 1214 m2 .La casa dispone de cocina,2 ba\u00f1os,6 habitaciones ,sal\u00f3n-comedor, balc\u00f3n y desv\u00e1n. La nave ha tenido uso ganadero .Tanto la vivienda como la nave necesitan actualizaci\u00f3n. Ubicado en el centro [&hellip;]<\/p>\n                <\/div>\n                <div class=\"es-property-wishlist\">\n\t\t                            <\/div>\n            <\/div>\n\n\n            <div class=\"es-bottom-info\">\n\n                                    <div class=\"es-bottom-icon-cols\">\n                                                                             <span class=\"es-bottom-icon\"><i class=\"es-icon es-bed\" aria-hidden=\"true\"><\/i> 6 \u0441uartos<\/span>                                                                            <span class=\"es-bottom-icon\"><i class=\"es-icon es-bath\" aria-hidden=\"true\"><\/i> 2 ba\u00f1os<\/span>                                            <\/div>\n                \n                                    <div class=\"es-bottom-icon-list\">\n                                                                            <span class=\"es-bottom-icon\"><i class=\"es-icon es-bed\" aria-hidden=\"true\"><\/i> 6 \u0441uartos<\/span>                                                                            <span class=\"es-bottom-icon\"><i class=\"es-icon es-bath\" aria-hidden=\"true\"><\/i> 2 ba\u00f1os<\/span>                                            <\/div>\n                \n                <div class=\"es-details-wrap es-details-no-padding\">\n                    <div class=\"es-details-flex\">\n                                                    <div class=\"es-map-link-wrap\">\n                                <a href=\"#\" class=\"es-map-view-link es-hover-show\" data-longitude=\"-3.9593409\"\n                                   data-latitude=\"43.3263996\">Ver en mapa<\/a>\n                            <\/div>\n                                                <span class=\"es-read-wrap\">\n                            <a href=\"https:\/\/felixconcha.com\/web\/index.php\/propiedad\/venta-de-casa-y-nave\/\" class=\"es-button es-button-orange es-hover-show es-read\">Detalles<\/a>\n                        <\/span>\n                    <\/div>\n                <\/div>\n            <\/div>\n        <\/div>\n\n    <\/div>\n<\/div>\n                            \n<div id=\"post-4664\" class=\"post-4664 properties type-properties status-publish has-post-thumbnail hentry\">\n    <div class=\"es-property-inner\">\n        <div class=\"es-property-thumbnail\">\n            <div class=\"es-thumbnail\">\n                <a href=\"https:\/\/felixconcha.com\/web\/index.php\/propiedad\/venta-de-cabana-17\/\">\n                                            <img width=\"536\" height=\"370\" src=\"https:\/\/felixconcha.com\/web\/wp-content\/uploads\/2026\/01\/Screenshot_20260131_013445_Gallery-536x370.jpg\" class=\"attachment-es-image-size-archive size-es-image-size-archive\" alt=\"\" loading=\"lazy\" \/>                    \n                                            <ul class=\"es-property-label-wrap\">\n                                                                                                                                                                                                                                        <\/ul>\n                                                                <div class=\"es-thumbnail-bottom\">7<\/div>\n                                    <\/a>\n            <\/div>\n        <\/div>\n\n        <div class=\"es-property-info\">\n\n            <div class=\"es-row-view\">\n                <h2>\n                    <a href=\"https:\/\/felixconcha.com\/web\/index.php\/propiedad\/venta-de-cabana-17\/\">Barrio Sel de la Carrera, Sel de la Carrera, Espa\u00f1a<\/a>\n                    <span class=\"es-price\">100.000,00 \u20ac<\/span>                <\/h2>\n            <\/div>\n\n            <div class=\"es-col-view\">\n                <h2>\n                    <a class=\"es-property-link\" href=\"https:\/\/felixconcha.com\/web\/index.php\/propiedad\/venta-de-cabana-17\/\">Barrio Sel de la Carrera, Sel de la Carrera, Espa\u00f1a<\/a>\n\t                                <\/h2>\n\t            <span class=\"es-price\">100.000,00 \u20ac<\/span>            <\/div>\n\n\t        \n            <div class=\"es-property-content\">\n                <div class=\"es-property-excerpt\">\n\t\t            <p class=\"excerpt\">Estupenda caba\u00f1a de piedra de 172 m2 repartido en dos plantas .Enclavada en una parcela rustica de 9842 m2. La caba\u00f1a tiene uso de cuadra y pajar se puede hacer el cambio a vivienda . Cuenta con los suministros de agua y luz .Situada en un entorno bonito de un paisaje de naturaleza de los Valles Pasiegos. Tiene las vistas despejadas y buen acceso .<\/p>\n                <\/div>\n                <div class=\"es-property-wishlist\">\n\t\t                            <\/div>\n            <\/div>\n\n\n            <div class=\"es-bottom-info\">\n\n                \n                \n                <div class=\"es-details-wrap \">\n                    <div class=\"es-details-flex\">\n                                                    <div class=\"es-map-link-wrap\">\n                                <a href=\"#\" class=\"es-map-view-link es-hover-show\" data-longitude=\"-3.9262731\"\n                                   data-latitude=\"43.1437987\">Ver en mapa<\/a>\n                            <\/div>\n                                                <span class=\"es-read-wrap\">\n                            <a href=\"https:\/\/felixconcha.com\/web\/index.php\/propiedad\/venta-de-cabana-17\/\" class=\"es-button es-button-orange es-hover-show es-read\">Detalles<\/a>\n                        <\/span>\n                    <\/div>\n                <\/div>\n            <\/div>\n        <\/div>\n\n    <\/div>\n<\/div>\n                            \n<div id=\"post-4663\" class=\"post-4663 properties type-properties status-publish has-post-thumbnail hentry\">\n    <div class=\"es-property-inner\">\n        <div class=\"es-property-thumbnail\">\n            <div class=\"es-thumbnail\">\n                <a href=\"https:\/\/felixconcha.com\/web\/index.php\/propiedad\/venta-de-casa-de-piedra-2\/\">\n                                            <img width=\"536\" height=\"370\" src=\"https:\/\/felixconcha.com\/web\/wp-content\/uploads\/2026\/01\/20260116_134715-536x370.jpg\" class=\"attachment-es-image-size-archive size-es-image-size-archive\" alt=\"\" loading=\"lazy\" \/>                    \n                                            <ul class=\"es-property-label-wrap\">\n                                                                                                                                                                                                                                        <\/ul>\n                                                                <div class=\"es-thumbnail-bottom\">7<\/div>\n                                    <\/a>\n            <\/div>\n        <\/div>\n\n        <div class=\"es-property-info\">\n\n            <div class=\"es-row-view\">\n                <h2>\n                    <a href=\"https:\/\/felixconcha.com\/web\/index.php\/propiedad\/venta-de-casa-de-piedra-2\/\">Sel de la Carrera, Espa\u00f1a<\/a>\n                    <span class=\"es-price\">40.000,00 \u20ac<\/span>                <\/h2>\n            <\/div>\n\n            <div class=\"es-col-view\">\n                <h2>\n                    <a class=\"es-property-link\" href=\"https:\/\/felixconcha.com\/web\/index.php\/propiedad\/venta-de-casa-de-piedra-2\/\">Sel de la Carrera, Espa\u00f1a<\/a>\n\t                                <\/h2>\n\t            <span class=\"es-price\">40.000,00 \u20ac<\/span>            <\/div>\n\n\t        \n            <div class=\"es-property-content\">\n                <div class=\"es-property-excerpt\">\n\t\t            <p class=\"excerpt\">Bonita casa independiente de piedra de 115 m2 de vivienda y 199 m2 de almacenes ,Dispone de hall de entrada ,cocina, ba\u00f1o, sal\u00f3n-comedor y balc\u00f3n. Necesita reforma integral .Situada en un fant\u00e1stico entorno natural de los Valles Pasiegos. Aproximadamente 40 minutos de Santander y las playas.\u00a0 \u00a0<\/p>\n                <\/div>\n                <div class=\"es-property-wishlist\">\n\t\t                            <\/div>\n            <\/div>\n\n\n            <div class=\"es-bottom-info\">\n\n                                    <div class=\"es-bottom-icon-cols\">\n                                                                             <span class=\"es-bottom-icon\"><i class=\"es-icon es-bed\" aria-hidden=\"true\"><\/i> 4 \u0441uartos<\/span>                                                                            <span class=\"es-bottom-icon\"><i class=\"es-icon es-bath\" aria-hidden=\"true\"><\/i> 1 ba\u00f1o<\/span>                                            <\/div>\n                \n                                    <div class=\"es-bottom-icon-list\">\n                                                                            <span class=\"es-bottom-icon\"><i class=\"es-icon es-bed\" aria-hidden=\"true\"><\/i> 4 \u0441uartos<\/span>                                                                            <span class=\"es-bottom-icon\"><i class=\"es-icon es-bath\" aria-hidden=\"true\"><\/i> 1 ba\u00f1o<\/span>                                            <\/div>\n                \n                <div class=\"es-details-wrap es-details-no-padding\">\n                    <div class=\"es-details-flex\">\n                                                    <div class=\"es-map-link-wrap\">\n                                <a href=\"#\" class=\"es-map-view-link es-hover-show\" data-longitude=\"-3.9265418\"\n                                   data-latitude=\"43.1442291\">Ver en mapa<\/a>\n                            <\/div>\n                                                <span class=\"es-read-wrap\">\n                            <a href=\"https:\/\/felixconcha.com\/web\/index.php\/propiedad\/venta-de-casa-de-piedra-2\/\" class=\"es-button es-button-orange es-hover-show es-read\">Detalles<\/a>\n                        <\/span>\n                    <\/div>\n                <\/div>\n            <\/div>\n        <\/div>\n\n    <\/div>\n<\/div>\n                            \n<div id=\"post-4661\" class=\"post-4661 properties type-properties status-publish has-post-thumbnail hentry\">\n    <div class=\"es-property-inner\">\n        <div class=\"es-property-thumbnail\">\n            <div class=\"es-thumbnail\">\n                <a href=\"https:\/\/felixconcha.com\/web\/index.php\/propiedad\/venta-de-terreno-53\/\">\n                                            <img width=\"536\" height=\"370\" src=\"https:\/\/felixconcha.com\/web\/wp-content\/uploads\/2026\/01\/Screenshot_20260129_162554_Chrome-536x370.jpg\" class=\"attachment-es-image-size-archive size-es-image-size-archive\" alt=\"\" loading=\"lazy\" \/>                    \n                                            <ul class=\"es-property-label-wrap\">\n                                                                                                                                                            <li class=\"es-property-label es-property-label-reservado\"\n                                        style=\"color:#00cbf0\">Reservado<\/li><br>\n                                                                                                                                                <\/ul>\n                                                                <div class=\"es-thumbnail-bottom\">4<\/div>\n                                    <\/a>\n            <\/div>\n        <\/div>\n\n        <div class=\"es-property-info\">\n\n            <div class=\"es-row-view\">\n                <h2>\n                    <a href=\"https:\/\/felixconcha.com\/web\/index.php\/propiedad\/venta-de-terreno-53\/\">Santiurde de Toranzo, Espa\u00f1a<\/a>\n                    <span class=\"es-price\">90.000,00 \u20ac<\/span>                <\/h2>\n            <\/div>\n\n            <div class=\"es-col-view\">\n                <h2>\n                    <a class=\"es-property-link\" href=\"https:\/\/felixconcha.com\/web\/index.php\/propiedad\/venta-de-terreno-53\/\">Santiurde de Toranzo, Espa\u00f1a<\/a>\n\t                                <\/h2>\n\t            <span class=\"es-price\">90.000,00 \u20ac<\/span>            <\/div>\n\n\t        \n            <div class=\"es-property-content\">\n                <div class=\"es-property-excerpt\">\n\t\t            <p class=\"excerpt\">Fant\u00e1stico terreno urbano de 2226 m2 ,La parcela tiene un\u00a0 bonito muro de piedra que la rodea .Muy buena orientaci\u00f3n y\u00a0 muy buen acceso .Tiene los suministros a pie de parcela .La parcela\u00a0 tiene la posibilidad de segregar a la mitad y el precio seria la mitad .Esta situada en un entorno natural del Valle de Toranzo que esta dentro de los Valles pasiegos. Aproximadamente unos 35 minutos de Santander y playas.<\/p>\n                <\/div>\n                <div class=\"es-property-wishlist\">\n\t\t                            <\/div>\n            <\/div>\n\n\n            <div class=\"es-bottom-info\">\n\n                \n                \n                <div class=\"es-details-wrap \">\n                    <div class=\"es-details-flex\">\n                                                    <div class=\"es-map-link-wrap\">\n                                <a href=\"#\" class=\"es-map-view-link es-hover-show\" data-longitude=\"-3.9400298\"\n                                   data-latitude=\"43.2370484\">Ver en mapa<\/a>\n                            <\/div>\n                                                <span class=\"es-read-wrap\">\n                            <a href=\"https:\/\/felixconcha.com\/web\/index.php\/propiedad\/venta-de-terreno-53\/\" class=\"es-button es-button-orange es-hover-show es-read\">Detalles<\/a>\n                        <\/span>\n                    <\/div>\n                <\/div>\n            <\/div>\n        <\/div>\n\n    <\/div>\n<\/div>\n                            \n<div id=\"post-4614\" class=\"post-4614 properties type-properties status-publish has-post-thumbnail hentry\">\n    <div class=\"es-property-inner\">\n        <div class=\"es-property-thumbnail\">\n            <div class=\"es-thumbnail\">\n                <a href=\"https:\/\/felixconcha.com\/web\/index.php\/propiedad\/venta-de-terreno-52\/\">\n                                            <img width=\"536\" height=\"370\" src=\"https:\/\/felixconcha.com\/web\/wp-content\/uploads\/2026\/01\/Screenshot_20260125_002551_Gallery-536x370.jpg\" class=\"attachment-es-image-size-archive size-es-image-size-archive\" alt=\"\" loading=\"lazy\" \/>                    \n                                            <ul class=\"es-property-label-wrap\">\n                                                                                                                                                                                                                                        <\/ul>\n                                                                <div class=\"es-thumbnail-bottom\">8<\/div>\n                                    <\/a>\n            <\/div>\n        <\/div>\n\n        <div class=\"es-property-info\">\n\n            <div class=\"es-row-view\">\n                <h2>\n                    <a href=\"https:\/\/felixconcha.com\/web\/index.php\/propiedad\/venta-de-terreno-52\/\">Arenal, Espa\u00f1a<\/a>\n                    <span class=\"es-price\">55.000,00 \u20ac<\/span>                <\/h2>\n            <\/div>\n\n            <div class=\"es-col-view\">\n                <h2>\n                    <a class=\"es-property-link\" href=\"https:\/\/felixconcha.com\/web\/index.php\/propiedad\/venta-de-terreno-52\/\">Arenal, Espa\u00f1a<\/a>\n\t                                <\/h2>\n\t            <span class=\"es-price\">55.000,00 \u20ac<\/span>            <\/div>\n\n\t        \n            <div class=\"es-property-content\">\n                <div class=\"es-property-excerpt\">\n\t\t            <p class=\"excerpt\">Estupendo terreno de 897 m2 urbano. La parcela cuenta con arboles que le dan un encanto especial. Todos los servicios cerca de la parcela .La parcela esta en el Arenal de Penagos que esta aproximadamente 20 minutos de Santander y playas. Situada en el entorno del parque de Cabarceno\u00a0 con un paisajes natural.<\/p>\n                <\/div>\n                <div class=\"es-property-wishlist\">\n\t\t                            <\/div>\n            <\/div>\n\n\n            <div class=\"es-bottom-info\">\n\n                \n                \n                <div class=\"es-details-wrap \">\n                    <div class=\"es-details-flex\">\n                                                    <div class=\"es-map-link-wrap\">\n                                <a href=\"#\" class=\"es-map-view-link es-hover-show\" data-longitude=\"-3.8206566\"\n                                   data-latitude=\"43.3308073\">Ver en mapa<\/a>\n                            <\/div>\n                                                <span class=\"es-read-wrap\">\n                            <a href=\"https:\/\/felixconcha.com\/web\/index.php\/propiedad\/venta-de-terreno-52\/\" class=\"es-button es-button-orange es-hover-show es-read\">Detalles<\/a>\n                        <\/span>\n                    <\/div>\n                <\/div>\n            <\/div>\n        <\/div>\n\n    <\/div>\n<\/div>\n                            \n<div id=\"post-4615\" class=\"post-4615 properties type-properties status-publish has-post-thumbnail hentry\">\n    <div class=\"es-property-inner\">\n        <div class=\"es-property-thumbnail\">\n            <div class=\"es-thumbnail\">\n                <a href=\"https:\/\/felixconcha.com\/web\/index.php\/propiedad\/venta-de-casa-62\/\">\n                                            <img width=\"536\" height=\"370\" src=\"https:\/\/felixconcha.com\/web\/wp-content\/uploads\/2026\/01\/Screenshot_20260113_213155_Gallery-536x370.jpg\" class=\"attachment-es-image-size-archive size-es-image-size-archive\" alt=\"\" loading=\"lazy\" \/>                    \n                                            <ul class=\"es-property-label-wrap\">\n                                                                                                                                                                                                                                        <\/ul>\n                                                                <div class=\"es-thumbnail-bottom\">25<\/div>\n                                    <\/a>\n            <\/div>\n        <\/div>\n\n        <div class=\"es-property-info\">\n\n            <div class=\"es-row-view\">\n                <h2>\n                    <a href=\"https:\/\/felixconcha.com\/web\/index.php\/propiedad\/venta-de-casa-62\/\">Puente Ag\u00fcero, Espa\u00f1a<\/a>\n                    <span class=\"es-price\">250.000,00 \u20ac<\/span>                <\/h2>\n            <\/div>\n\n            <div class=\"es-col-view\">\n                <h2>\n                    <a class=\"es-property-link\" href=\"https:\/\/felixconcha.com\/web\/index.php\/propiedad\/venta-de-casa-62\/\">Puente Ag\u00fcero, Espa\u00f1a<\/a>\n\t                                <\/h2>\n\t            <span class=\"es-price\">250.000,00 \u20ac<\/span>            <\/div>\n\n\t        \n            <div class=\"es-property-content\">\n                <div class=\"es-property-excerpt\">\n\t\t            <p class=\"excerpt\">Fant\u00e1stico casa independiente de 243 m2 enclavada en una parcela de 665 m2.La vivienda tiene 113 m2 y dispone de hall de entrada,cocina,ba\u00f1o,sal\u00f3n,4 habitaciones, balc\u00f3n y desv\u00e1n. Tambi\u00e9n tiene 53 m2 de almac\u00e9n, 29 de garaje y un edificio agrario de 48 m2 .La casa es muy soleada ,la zona es muy tranquila y esta [&hellip;]<\/p>\n                <\/div>\n                <div class=\"es-property-wishlist\">\n\t\t                            <\/div>\n            <\/div>\n\n\n            <div class=\"es-bottom-info\">\n\n                                    <div class=\"es-bottom-icon-cols\">\n                                                                             <span class=\"es-bottom-icon\"><i class=\"es-icon es-bed\" aria-hidden=\"true\"><\/i> 4 \u0441uartos<\/span>                                                                            <span class=\"es-bottom-icon\"><i class=\"es-icon es-bath\" aria-hidden=\"true\"><\/i> 1 ba\u00f1o<\/span>                                            <\/div>\n                \n                                    <div class=\"es-bottom-icon-list\">\n                                                                            <span class=\"es-bottom-icon\"><i class=\"es-icon es-bed\" aria-hidden=\"true\"><\/i> 4 \u0441uartos<\/span>                                                                            <span class=\"es-bottom-icon\"><i class=\"es-icon es-bath\" aria-hidden=\"true\"><\/i> 1 ba\u00f1o<\/span>                                            <\/div>\n                \n                <div class=\"es-details-wrap es-details-no-padding\">\n                    <div class=\"es-details-flex\">\n                                                    <div class=\"es-map-link-wrap\">\n                                <a href=\"#\" class=\"es-map-view-link es-hover-show\" data-longitude=\"-3.7157143\"\n                                   data-latitude=\"43.4057238\">Ver en mapa<\/a>\n                            <\/div>\n                                                <span class=\"es-read-wrap\">\n                            <a href=\"https:\/\/felixconcha.com\/web\/index.php\/propiedad\/venta-de-casa-62\/\" class=\"es-button es-button-orange es-hover-show es-read\">Detalles<\/a>\n                        <\/span>\n                    <\/div>\n                <\/div>\n            <\/div>\n        <\/div>\n\n    <\/div>\n<\/div>\n                            \n<div id=\"post-4604\" class=\"post-4604 properties type-properties status-publish has-post-thumbnail hentry\">\n    <div class=\"es-property-inner\">\n        <div class=\"es-property-thumbnail\">\n            <div class=\"es-thumbnail\">\n                <a href=\"https:\/\/felixconcha.com\/web\/index.php\/propiedad\/venta-casa-10\/\">\n                                            <img width=\"536\" height=\"370\" src=\"https:\/\/felixconcha.com\/web\/wp-content\/uploads\/2025\/12\/Screenshot_20251219_101152_Gallery-536x370.jpg\" class=\"attachment-es-image-size-archive size-es-image-size-archive\" alt=\"\" loading=\"lazy\" \/>                    \n                                            <ul class=\"es-property-label-wrap\">\n                                                                                                                                                                                                                                        <\/ul>\n                                                                <div class=\"es-thumbnail-bottom\">5<\/div>\n                                    <\/a>\n            <\/div>\n        <\/div>\n\n        <div class=\"es-property-info\">\n\n            <div class=\"es-row-view\">\n                <h2>\n                    <a href=\"https:\/\/felixconcha.com\/web\/index.php\/propiedad\/venta-casa-10\/\">San Rom\u00e1n, Espa\u00f1a<\/a>\n                    <span class=\"es-price\">80.000,00 \u20ac<\/span>                <\/h2>\n            <\/div>\n\n            <div class=\"es-col-view\">\n                <h2>\n                    <a class=\"es-property-link\" href=\"https:\/\/felixconcha.com\/web\/index.php\/propiedad\/venta-casa-10\/\">San Rom\u00e1n, Espa\u00f1a<\/a>\n\t                                <\/h2>\n\t            <span class=\"es-price\">80.000,00 \u20ac<\/span>            <\/div>\n\n\t        \n            <div class=\"es-property-content\">\n                <div class=\"es-property-excerpt\">\n\t\t            <p class=\"excerpt\">Casa de piedra de 179 m2 en dos plantas .Enclavadas en una parcela de 567 m2 .La vivienda necesita reforma integral .Esta ubicada en el centro del pueblo .Durante muchos a\u00f1os fue bar .Zona muy tranquila y con bonito paisaje de naturaleza. Aproximadamente 30 minutos de Santander y de las playas.\u00a0<\/p>\n                <\/div>\n                <div class=\"es-property-wishlist\">\n\t\t                            <\/div>\n            <\/div>\n\n\n            <div class=\"es-bottom-info\">\n\n                                    <div class=\"es-bottom-icon-cols\">\n                                                                             <span class=\"es-bottom-icon\"><i class=\"es-icon es-bed\" aria-hidden=\"true\"><\/i> 3 \u0441uartos<\/span>                                                                            <span class=\"es-bottom-icon\"><i class=\"es-icon es-bath\" aria-hidden=\"true\"><\/i> 1 ba\u00f1o<\/span>                                            <\/div>\n                \n                                    <div class=\"es-bottom-icon-list\">\n                                                                            <span class=\"es-bottom-icon\"><i class=\"es-icon es-bed\" aria-hidden=\"true\"><\/i> 3 \u0441uartos<\/span>                                                                            <span class=\"es-bottom-icon\"><i class=\"es-icon es-bath\" aria-hidden=\"true\"><\/i> 1 ba\u00f1o<\/span>                                            <\/div>\n                \n                <div class=\"es-details-wrap es-details-no-padding\">\n                    <div class=\"es-details-flex\">\n                                                    <div class=\"es-map-link-wrap\">\n                                <a href=\"#\" class=\"es-map-view-link es-hover-show\" data-longitude=\"-3.913274\"\n                                   data-latitude=\"43.304336\">Ver en mapa<\/a>\n                            <\/div>\n                                                <span class=\"es-read-wrap\">\n                            <a href=\"https:\/\/felixconcha.com\/web\/index.php\/propiedad\/venta-casa-10\/\" class=\"es-button es-button-orange es-hover-show es-read\">Detalles<\/a>\n                        <\/span>\n                    <\/div>\n                <\/div>\n            <\/div>\n        <\/div>\n\n    <\/div>\n<\/div>\n                            \n<div id=\"post-4593\" class=\"post-4593 properties type-properties status-publish has-post-thumbnail hentry\">\n    <div class=\"es-property-inner\">\n        <div class=\"es-property-thumbnail\">\n            <div class=\"es-thumbnail\">\n                <a href=\"https:\/\/felixconcha.com\/web\/index.php\/propiedad\/venta-de-cabana-16\/\">\n                                            <img width=\"536\" height=\"370\" src=\"https:\/\/felixconcha.com\/web\/wp-content\/uploads\/2025\/12\/20251211_161728-536x370.jpg\" class=\"attachment-es-image-size-archive size-es-image-size-archive\" alt=\"\" loading=\"lazy\" \/>                    \n                                            <ul class=\"es-property-label-wrap\">\n                                                                                                                                                                                                                                        <\/ul>\n                                                                <div class=\"es-thumbnail-bottom\">9<\/div>\n                                    <\/a>\n            <\/div>\n        <\/div>\n\n        <div class=\"es-property-info\">\n\n            <div class=\"es-row-view\">\n                <h2>\n                    <a href=\"https:\/\/felixconcha.com\/web\/index.php\/propiedad\/venta-de-cabana-16\/\">Villacarriedo, Espa\u00f1a<\/a>\n                    <span class=\"es-price\">120.000,00 \u20ac<\/span>                <\/h2>\n            <\/div>\n\n            <div class=\"es-col-view\">\n                <h2>\n                    <a class=\"es-property-link\" href=\"https:\/\/felixconcha.com\/web\/index.php\/propiedad\/venta-de-cabana-16\/\">Villacarriedo, Espa\u00f1a<\/a>\n\t                                <\/h2>\n\t            <span class=\"es-price\">120.000,00 \u20ac<\/span>            <\/div>\n\n\t        \n            <div class=\"es-property-content\">\n                <div class=\"es-property-excerpt\">\n\t\t            <p class=\"excerpt\">Estupenda caba\u00f1a pasiega de piedra de 300 m2 .Enclavada en una finca de 48129 m2.Ahora tiene un uso ganadero. Se puede tramitar un cambio a vivienda .La propiedad tiene agua y electricidad y acceso por carretera hasta la misma caba\u00f1a.Tiene unas magn\u00edficas vistas despejadas a los Valles Pasiegos y muy buena orientaci\u00f3n .Situada a 2 [&hellip;]<\/p>\n                <\/div>\n                <div class=\"es-property-wishlist\">\n\t\t                            <\/div>\n            <\/div>\n\n\n            <div class=\"es-bottom-info\">\n\n                \n                \n                <div class=\"es-details-wrap \">\n                    <div class=\"es-details-flex\">\n                                                    <div class=\"es-map-link-wrap\">\n                                <a href=\"#\" class=\"es-map-view-link es-hover-show\" data-longitude=\"-3.8102032\"\n                                   data-latitude=\"43.2281523\">Ver en mapa<\/a>\n                            <\/div>\n                                                <span class=\"es-read-wrap\">\n                            <a href=\"https:\/\/felixconcha.com\/web\/index.php\/propiedad\/venta-de-cabana-16\/\" class=\"es-button es-button-orange es-hover-show es-read\">Detalles<\/a>\n                        <\/span>\n                    <\/div>\n                <\/div>\n            <\/div>\n        <\/div>\n\n    <\/div>\n<\/div>\n                            \n<div id=\"post-4571\" class=\"post-4571 properties type-properties status-publish has-post-thumbnail hentry\">\n    <div class=\"es-property-inner\">\n        <div class=\"es-property-thumbnail\">\n            <div class=\"es-thumbnail\">\n                <a href=\"https:\/\/felixconcha.com\/web\/index.php\/propiedad\/venta-de-casas-3\/\">\n                                            <img width=\"536\" height=\"370\" src=\"https:\/\/felixconcha.com\/web\/wp-content\/uploads\/2025\/12\/20251202_125723-536x370.jpg\" class=\"attachment-es-image-size-archive size-es-image-size-archive\" alt=\"\" loading=\"lazy\" \/>                    \n                                            <ul class=\"es-property-label-wrap\">\n                                                                                                                                                                                                                                        <\/ul>\n                                                                <div class=\"es-thumbnail-bottom\">16<\/div>\n                                    <\/a>\n            <\/div>\n        <\/div>\n\n        <div class=\"es-property-info\">\n\n            <div class=\"es-row-view\">\n                <h2>\n                    <a href=\"https:\/\/felixconcha.com\/web\/index.php\/propiedad\/venta-de-casas-3\/\">Calle la Cueva, La Cueva, Espa\u00f1a<\/a>\n                    <span class=\"es-price\">325.000,00 \u20ac<\/span>                <\/h2>\n            <\/div>\n\n            <div class=\"es-col-view\">\n                <h2>\n                    <a class=\"es-property-link\" href=\"https:\/\/felixconcha.com\/web\/index.php\/propiedad\/venta-de-casas-3\/\">Calle la Cueva, La Cueva, Espa\u00f1a<\/a>\n\t                                <\/h2>\n\t            <span class=\"es-price\">325.000,00 \u20ac<\/span>            <\/div>\n\n\t        \n            <div class=\"es-property-content\">\n                <div class=\"es-property-excerpt\">\n\t\t            <p class=\"excerpt\">Fant\u00e1stica parcela urbana de 3667 m2 en la que hay enclavadas dos viviendas independientes. La primera de hormig\u00f3n ,dispone de cocina,2 ba\u00f1os, 2 salones,5 habitaciones,bajo cubierta diafano y garaje.Necesita una actualizaci\u00f3n. La segunda vivienda es de piedra y necesita reforma integral . Las dos vivienda se venden en conjunto pero existe la posibilidad de segregaci\u00f3n\u00a0 [&hellip;]<\/p>\n                <\/div>\n                <div class=\"es-property-wishlist\">\n\t\t                            <\/div>\n            <\/div>\n\n\n            <div class=\"es-bottom-info\">\n\n                                    <div class=\"es-bottom-icon-cols\">\n                                                                             <span class=\"es-bottom-icon\"><i class=\"es-icon es-bed\" aria-hidden=\"true\"><\/i> 5 \u0441uartos<\/span>                                                                            <span class=\"es-bottom-icon\"><i class=\"es-icon es-bath\" aria-hidden=\"true\"><\/i> 2 ba\u00f1os<\/span>                                            <\/div>\n                \n                                    <div class=\"es-bottom-icon-list\">\n                                                                            <span class=\"es-bottom-icon\"><i class=\"es-icon es-bed\" aria-hidden=\"true\"><\/i> 5 \u0441uartos<\/span>                                                                            <span class=\"es-bottom-icon\"><i class=\"es-icon es-bath\" aria-hidden=\"true\"><\/i> 2 ba\u00f1os<\/span>                                            <\/div>\n                \n                <div class=\"es-details-wrap es-details-no-padding\">\n                    <div class=\"es-details-flex\">\n                                                    <div class=\"es-map-link-wrap\">\n                                <a href=\"#\" class=\"es-map-view-link es-hover-show\" data-longitude=\"-3.8986522\"\n                                   data-latitude=\"43.3156117\">Ver en mapa<\/a>\n                            <\/div>\n                                                <span class=\"es-read-wrap\">\n                            <a href=\"https:\/\/felixconcha.com\/web\/index.php\/propiedad\/venta-de-casas-3\/\" class=\"es-button es-button-orange es-hover-show es-read\">Detalles<\/a>\n                        <\/span>\n                    <\/div>\n                <\/div>\n            <\/div>\n        <\/div>\n\n    <\/div>\n<\/div>\n                            \n<div id=\"post-4563\" class=\"post-4563 properties type-properties status-publish has-post-thumbnail hentry\">\n    <div class=\"es-property-inner\">\n        <div class=\"es-property-thumbnail\">\n            <div class=\"es-thumbnail\">\n                <a href=\"https:\/\/felixconcha.com\/web\/index.php\/propiedad\/venta-de-terreno-51\/\">\n                                            <img width=\"536\" height=\"370\" src=\"https:\/\/felixconcha.com\/web\/wp-content\/uploads\/2025\/12\/Screenshot_20251206_002821_Chrome-536x370.jpg\" class=\"attachment-es-image-size-archive size-es-image-size-archive\" alt=\"\" loading=\"lazy\" \/>                    \n                                            <ul class=\"es-property-label-wrap\">\n                                                                                                                                                                                                                                        <\/ul>\n                                                                <div class=\"es-thumbnail-bottom\">7<\/div>\n                                    <\/a>\n            <\/div>\n        <\/div>\n\n        <div class=\"es-property-info\">\n\n            <div class=\"es-row-view\">\n                <h2>\n                    <a href=\"https:\/\/felixconcha.com\/web\/index.php\/propiedad\/venta-de-terreno-51\/\">Esles, Espa\u00f1a<\/a>\n                    <span class=\"es-price\">70.000,00 \u20ac<\/span>                <\/h2>\n            <\/div>\n\n            <div class=\"es-col-view\">\n                <h2>\n                    <a class=\"es-property-link\" href=\"https:\/\/felixconcha.com\/web\/index.php\/propiedad\/venta-de-terreno-51\/\">Esles, Espa\u00f1a<\/a>\n\t                                <\/h2>\n\t            <span class=\"es-price\">70.000,00 \u20ac<\/span>            <\/div>\n\n\t        \n            <div class=\"es-property-content\">\n                <div class=\"es-property-excerpt\">\n\t\t            <p class=\"excerpt\">Estupenda finca rustica de especial protecci\u00f3n de 16193 m2.Buen acceso al estar pegado a la carretera general. Se puede trabajar con maquinaria rodada menos una zona peque\u00f1a con pendiente. S\u00e9 puede usar para temas agropecuarios, cultivos y posibilidad de construir nave y vivienda para el uso familiar siempre que cumplan los requisitos exigidos para parcelas rusticas de especial protecci\u00f3n protegidas . Esta bien orientada y muy soleada con buenas vistas y aproximadamente 1 km del centro del pueblo.<\/p>\n                <\/div>\n                <div class=\"es-property-wishlist\">\n\t\t                            <\/div>\n            <\/div>\n\n\n            <div class=\"es-bottom-info\">\n\n                \n                \n                <div class=\"es-details-wrap \">\n                    <div class=\"es-details-flex\">\n                                                    <div class=\"es-map-link-wrap\">\n                                <a href=\"#\" class=\"es-map-view-link es-hover-show\" data-longitude=\"-3.8051187\"\n                                   data-latitude=\"43.2826461\">Ver en mapa<\/a>\n                            <\/div>\n                                                <span class=\"es-read-wrap\">\n                            <a href=\"https:\/\/felixconcha.com\/web\/index.php\/propiedad\/venta-de-terreno-51\/\" class=\"es-button es-button-orange es-hover-show es-read\">Detalles<\/a>\n                        <\/span>\n                    <\/div>\n                <\/div>\n            <\/div>\n        <\/div>\n\n    <\/div>\n<\/div>\n                            \n<div id=\"post-4554\" class=\"post-4554 properties type-properties status-publish has-post-thumbnail hentry\">\n    <div class=\"es-property-inner\">\n        <div class=\"es-property-thumbnail\">\n            <div class=\"es-thumbnail\">\n                <a href=\"https:\/\/felixconcha.com\/web\/index.php\/propiedad\/venta-de-terreno-50\/\">\n                                            <img width=\"536\" height=\"370\" src=\"https:\/\/felixconcha.com\/web\/wp-content\/uploads\/2025\/12\/20251202_171540-536x370.jpg\" class=\"attachment-es-image-size-archive size-es-image-size-archive\" alt=\"\" loading=\"lazy\" \/>                    \n                                            <ul class=\"es-property-label-wrap\">\n                                                                                                                                                                                                                                        <\/ul>\n                                                                <div class=\"es-thumbnail-bottom\">7<\/div>\n                                    <\/a>\n            <\/div>\n        <\/div>\n\n        <div class=\"es-property-info\">\n\n            <div class=\"es-row-view\">\n                <h2>\n                    <a href=\"https:\/\/felixconcha.com\/web\/index.php\/propiedad\/venta-de-terreno-50\/\">Esles, Espa\u00f1a<\/a>\n                    <span class=\"es-price\">85.000,00 \u20ac<\/span>                <\/h2>\n            <\/div>\n\n            <div class=\"es-col-view\">\n                <h2>\n                    <a class=\"es-property-link\" href=\"https:\/\/felixconcha.com\/web\/index.php\/propiedad\/venta-de-terreno-50\/\">Esles, Espa\u00f1a<\/a>\n\t                                <\/h2>\n\t            <span class=\"es-price\">85.000,00 \u20ac<\/span>            <\/div>\n\n\t        \n            <div class=\"es-property-content\">\n                <div class=\"es-property-excerpt\">\n\t\t            <p class=\"excerpt\">Magnifica parcela de 2328 m2 r\u00fastica ordinaria . Urbanizable mediante tramitaci\u00f3n C.R.O.T.U. se puede construir el 10%de la superficie del terreno. Se puede construir vivienda unifamiliar . Con vistas despejadas . Suministros cerca de la parcela al estar pegada al casco urbano. Buen acceso y Orientaci\u00f3n ,Situada en Esles con un gran paisaje natural y [&hellip;]<\/p>\n                <\/div>\n                <div class=\"es-property-wishlist\">\n\t\t                            <\/div>\n            <\/div>\n\n\n            <div class=\"es-bottom-info\">\n\n                \n                \n                <div class=\"es-details-wrap \">\n                    <div class=\"es-details-flex\">\n                                                    <div class=\"es-map-link-wrap\">\n                                <a href=\"#\" class=\"es-map-view-link es-hover-show\" data-longitude=\"-3.8051187\"\n                                   data-latitude=\"43.2826461\">Ver en mapa<\/a>\n                            <\/div>\n                                                <span class=\"es-read-wrap\">\n                            <a href=\"https:\/\/felixconcha.com\/web\/index.php\/propiedad\/venta-de-terreno-50\/\" class=\"es-button es-button-orange es-hover-show es-read\">Detalles<\/a>\n                        <\/span>\n                    <\/div>\n                <\/div>\n            <\/div>\n        <\/div>\n\n    <\/div>\n<\/div>\n                            \n<div id=\"post-4551\" class=\"post-4551 properties type-properties status-publish has-post-thumbnail hentry\">\n    <div class=\"es-property-inner\">\n        <div class=\"es-property-thumbnail\">\n            <div class=\"es-thumbnail\">\n                <a href=\"https:\/\/felixconcha.com\/web\/index.php\/propiedad\/venta-de-terreno-49\/\">\n                                            <img width=\"536\" height=\"370\" src=\"https:\/\/felixconcha.com\/web\/wp-content\/uploads\/2025\/11\/Screenshot_20251122_003759_Chrome-536x370.jpg\" class=\"attachment-es-image-size-archive size-es-image-size-archive\" alt=\"\" loading=\"lazy\" \/>                    \n                                            <ul class=\"es-property-label-wrap\">\n                                                                                                                                                                                                                                        <\/ul>\n                                                                <div class=\"es-thumbnail-bottom\">1<\/div>\n                                    <\/a>\n            <\/div>\n        <\/div>\n\n        <div class=\"es-property-info\">\n\n            <div class=\"es-row-view\">\n                <h2>\n                    <a href=\"https:\/\/felixconcha.com\/web\/index.php\/propiedad\/venta-de-terreno-49\/\">Sobarzo, Espa\u00f1a<\/a>\n                    <span class=\"es-price\">48.000,00 \u20ac<\/span>                <\/h2>\n            <\/div>\n\n            <div class=\"es-col-view\">\n                <h2>\n                    <a class=\"es-property-link\" href=\"https:\/\/felixconcha.com\/web\/index.php\/propiedad\/venta-de-terreno-49\/\">Sobarzo, Espa\u00f1a<\/a>\n\t                                <\/h2>\n\t            <span class=\"es-price\">48.000,00 \u20ac<\/span>            <\/div>\n\n\t        \n            <div class=\"es-property-content\">\n                <div class=\"es-property-excerpt\">\n\t\t            <p class=\"excerpt\">Fant\u00e1stica parcela de 2255 m2 r\u00fastica ordinaria . Urbanizable mediante tramitaci\u00f3n C.R.O.T.U. se puede construir el 10%de la superficie del terreno. Se puede construir vivienda unifamiliar . Con vistas despejadas . Suministros cerca de la parcela al estar pegada al casco urbano. Buen acceso y Orientaci\u00f3n ,Situada en el entorno del parque de Cabarceno con un paisaje natural.<\/p>\n                <\/div>\n                <div class=\"es-property-wishlist\">\n\t\t                            <\/div>\n            <\/div>\n\n\n            <div class=\"es-bottom-info\">\n\n                \n                \n                <div class=\"es-details-wrap \">\n                    <div class=\"es-details-flex\">\n                                                    <div class=\"es-map-link-wrap\">\n                                <a href=\"#\" class=\"es-map-view-link es-hover-show\" data-longitude=\"-3.8402664\"\n                                   data-latitude=\"43.3447549\">Ver en mapa<\/a>\n                            <\/div>\n                                                <span class=\"es-read-wrap\">\n                            <a href=\"https:\/\/felixconcha.com\/web\/index.php\/propiedad\/venta-de-terreno-49\/\" class=\"es-button es-button-orange es-hover-show es-read\">Detalles<\/a>\n                        <\/span>\n                    <\/div>\n                <\/div>\n            <\/div>\n        <\/div>\n\n    <\/div>\n<\/div>\n                            \n<div id=\"post-4521\" class=\"post-4521 properties type-properties status-publish has-post-thumbnail hentry\">\n    <div class=\"es-property-inner\">\n        <div class=\"es-property-thumbnail\">\n            <div class=\"es-thumbnail\">\n                <a href=\"https:\/\/felixconcha.com\/web\/index.php\/propiedad\/venta-de-terreno-48\/\">\n                                            <img width=\"536\" height=\"370\" src=\"https:\/\/felixconcha.com\/web\/wp-content\/uploads\/2025\/11\/IMG_20251028_170848-536x370.jpg\" class=\"attachment-es-image-size-archive size-es-image-size-archive\" alt=\"\" loading=\"lazy\" \/>                    \n                                            <ul class=\"es-property-label-wrap\">\n                                                                                                                                                                                                                                        <\/ul>\n                                                                <div class=\"es-thumbnail-bottom\">9<\/div>\n                                    <\/a>\n            <\/div>\n        <\/div>\n\n        <div class=\"es-property-info\">\n\n            <div class=\"es-row-view\">\n                <h2>\n                    <a href=\"https:\/\/felixconcha.com\/web\/index.php\/propiedad\/venta-de-terreno-48\/\">Barrio Rasillo, Rasillo, Espa\u00f1a<\/a>\n                    <span class=\"es-price\">60.000,00 \u20ac<\/span>                <\/h2>\n            <\/div>\n\n            <div class=\"es-col-view\">\n                <h2>\n                    <a class=\"es-property-link\" href=\"https:\/\/felixconcha.com\/web\/index.php\/propiedad\/venta-de-terreno-48\/\">Barrio Rasillo, Rasillo, Espa\u00f1a<\/a>\n\t                                <\/h2>\n\t            <span class=\"es-price\">60.000,00 \u20ac<\/span>            <\/div>\n\n\t        \n            <div class=\"es-property-content\">\n                <div class=\"es-property-excerpt\">\n\t\t            <p class=\"excerpt\">Magnifico terreno urbano de 1259 m2 rodeado de un muro de piedra .Ubicada en los valles pasiegos con unas excelentes vistas a las monta\u00f1as que la rodean .Muy buena orientaci\u00f3n al sur .Tienen todos los suministros cerca de la parcela .Aproximadamente 35 minutos de Santander y de las playas .\u00a0<\/p>\n                <\/div>\n                <div class=\"es-property-wishlist\">\n\t\t                            <\/div>\n            <\/div>\n\n\n            <div class=\"es-bottom-info\">\n\n                \n                \n                <div class=\"es-details-wrap \">\n                    <div class=\"es-details-flex\">\n                                                    <div class=\"es-map-link-wrap\">\n                                <a href=\"#\" class=\"es-map-view-link es-hover-show\" data-longitude=\"-3.8903117\"\n                                   data-latitude=\"43.2513036\">Ver en mapa<\/a>\n                            <\/div>\n                                                <span class=\"es-read-wrap\">\n                            <a href=\"https:\/\/felixconcha.com\/web\/index.php\/propiedad\/venta-de-terreno-48\/\" class=\"es-button es-button-orange es-hover-show es-read\">Detalles<\/a>\n                        <\/span>\n                    <\/div>\n                <\/div>\n            <\/div>\n        <\/div>\n\n    <\/div>\n<\/div>\n                            \n<div id=\"post-4508\" class=\"post-4508 properties type-properties status-publish has-post-thumbnail hentry\">\n    <div class=\"es-property-inner\">\n        <div class=\"es-property-thumbnail\">\n            <div class=\"es-thumbnail\">\n                <a href=\"https:\/\/felixconcha.com\/web\/index.php\/propiedad\/venta-de-piso-54\/\">\n                                            <img width=\"536\" height=\"370\" src=\"https:\/\/felixconcha.com\/web\/wp-content\/uploads\/2025\/11\/IMG-20251105-WA0021-536x370.jpeg\" class=\"attachment-es-image-size-archive size-es-image-size-archive\" alt=\"\" loading=\"lazy\" \/>                    \n                                            <ul class=\"es-property-label-wrap\">\n                                                                                                                                                                                                                        <li class=\"es-property-label es-property-label-vendido\"\n                                        style=\"color:#c40808\">Vendido<\/li><br>\n                                                                                    <\/ul>\n                                                                <div class=\"es-thumbnail-bottom\">23<\/div>\n                                    <\/a>\n            <\/div>\n        <\/div>\n\n        <div class=\"es-property-info\">\n\n            <div class=\"es-row-view\">\n                <h2>\n                    <a href=\"https:\/\/felixconcha.com\/web\/index.php\/propiedad\/venta-de-piso-54\/\">Atalaya 7 Cantabria, Avenida los Infantes, Santander, Espa\u00f1a<\/a>\n                    <span class=\"es-price\">148.000,00 \u20ac<\/span>                <\/h2>\n            <\/div>\n\n            <div class=\"es-col-view\">\n                <h2>\n                    <a class=\"es-property-link\" href=\"https:\/\/felixconcha.com\/web\/index.php\/propiedad\/venta-de-piso-54\/\">Atalaya 7 Cantabria, Avenida los Infantes, Santander, Espa\u00f1a<\/a>\n\t                                <\/h2>\n\t            <span class=\"es-price\">148.000,00 \u20ac<\/span>            <\/div>\n\n\t        \n            <div class=\"es-property-content\">\n                <div class=\"es-property-excerpt\">\n\t\t            <p class=\"excerpt\">Fant\u00e1stico piso de 105 m2 .Dispone de cocina,ba\u00f1o,2 habitaciones, sal\u00f3n-comedor,trastero, galer\u00eda y una amplia terraza. Muy buena ubicaci\u00f3n aproximadamente 5 minutos del\u00a0 centro\u00a0 andando. Es una oportunidad como\u00a0 inversi\u00f3n y tambi\u00e9n como vivienda habitual .Primera planta sin ascensor.\u00a0<\/p>\n                <\/div>\n                <div class=\"es-property-wishlist\">\n\t\t                            <\/div>\n            <\/div>\n\n\n            <div class=\"es-bottom-info\">\n\n                                    <div class=\"es-bottom-icon-cols\">\n                                                                             <span class=\"es-bottom-icon\"><i class=\"es-icon es-bed\" aria-hidden=\"true\"><\/i> 2 \u0441uartos<\/span>                                                                            <span class=\"es-bottom-icon\"><i class=\"es-icon es-bath\" aria-hidden=\"true\"><\/i> 1 ba\u00f1o<\/span>                                            <\/div>\n                \n                                    <div class=\"es-bottom-icon-list\">\n                                                                            <span class=\"es-bottom-icon\"><i class=\"es-icon es-bed\" aria-hidden=\"true\"><\/i> 2 \u0441uartos<\/span>                                                                            <span class=\"es-bottom-icon\"><i class=\"es-icon es-bath\" aria-hidden=\"true\"><\/i> 1 ba\u00f1o<\/span>                                            <\/div>\n                \n                <div class=\"es-details-wrap es-details-no-padding\">\n                    <div class=\"es-details-flex\">\n                                                    <div class=\"es-map-link-wrap\">\n                                <a href=\"#\" class=\"es-map-view-link es-hover-show\" data-longitude=\"-3.7880585\"\n                                   data-latitude=\"43.4689336\">Ver en mapa<\/a>\n                            <\/div>\n                                                <span class=\"es-read-wrap\">\n                            <a href=\"https:\/\/felixconcha.com\/web\/index.php\/propiedad\/venta-de-piso-54\/\" class=\"es-button es-button-orange es-hover-show es-read\">Detalles<\/a>\n                        <\/span>\n                    <\/div>\n                <\/div>\n            <\/div>\n        <\/div>\n\n    <\/div>\n<\/div>\n                            \n<div id=\"post-4485\" class=\"post-4485 properties type-properties status-publish has-post-thumbnail hentry\">\n    <div class=\"es-property-inner\">\n        <div class=\"es-property-thumbnail\">\n            <div class=\"es-thumbnail\">\n                <a href=\"https:\/\/felixconcha.com\/web\/index.php\/propiedad\/venta-de-cabana-15\/\">\n                                            <img width=\"536\" height=\"370\" src=\"https:\/\/felixconcha.com\/web\/wp-content\/uploads\/2025\/10\/IMG_20251016_193931-536x370.jpg\" class=\"attachment-es-image-size-archive size-es-image-size-archive\" alt=\"\" loading=\"lazy\" \/>                    \n                                            <ul class=\"es-property-label-wrap\">\n                                                                                                                                                                                                                                        <\/ul>\n                                                                <div class=\"es-thumbnail-bottom\">11<\/div>\n                                    <\/a>\n            <\/div>\n        <\/div>\n\n        <div class=\"es-property-info\">\n\n            <div class=\"es-row-view\">\n                <h2>\n                    <a href=\"https:\/\/felixconcha.com\/web\/index.php\/propiedad\/venta-de-cabana-15\/\">San Vicente de Toranzo, Espa\u00f1a<\/a>\n                    <span class=\"es-price\">105.000,00 \u20ac<\/span>                <\/h2>\n            <\/div>\n\n            <div class=\"es-col-view\">\n                <h2>\n                    <a class=\"es-property-link\" href=\"https:\/\/felixconcha.com\/web\/index.php\/propiedad\/venta-de-cabana-15\/\">San Vicente de Toranzo, Espa\u00f1a<\/a>\n\t                                <\/h2>\n\t            <span class=\"es-price\">105.000,00 \u20ac<\/span>            <\/div>\n\n\t        \n            <div class=\"es-property-content\">\n                <div class=\"es-property-excerpt\">\n\t\t            <p class=\"excerpt\">Estupenda caba\u00f1a de piedra de 118 m2 repartido en dos plantas .Enclavada en una parcela urbana de 1554 m2. La caba\u00f1a tiene uso de cuadra y pajar se puede hacer el cambio a vivienda o construir una nueva en la parcela o ambas cosas. Cuenta con los suministros de agua y luz .Situada en un entorno bonito de un paisaje de naturaleza de los Valles Pasiegos.<\/p>\n                <\/div>\n                <div class=\"es-property-wishlist\">\n\t\t                            <\/div>\n            <\/div>\n\n\n            <div class=\"es-bottom-info\">\n\n                \n                \n                <div class=\"es-details-wrap \">\n                    <div class=\"es-details-flex\">\n                                                    <div class=\"es-map-link-wrap\">\n                                <a href=\"#\" class=\"es-map-view-link es-hover-show\" data-longitude=\"-3.9391112\"\n                                   data-latitude=\"43.21202599999999\">Ver en mapa<\/a>\n                            <\/div>\n                                                <span class=\"es-read-wrap\">\n                            <a href=\"https:\/\/felixconcha.com\/web\/index.php\/propiedad\/venta-de-cabana-15\/\" class=\"es-button es-button-orange es-hover-show es-read\">Detalles<\/a>\n                        <\/span>\n                    <\/div>\n                <\/div>\n            <\/div>\n        <\/div>\n\n    <\/div>\n<\/div>\n                            \n<div id=\"post-4451\" class=\"post-4451 properties type-properties status-publish has-post-thumbnail hentry\">\n    <div class=\"es-property-inner\">\n        <div class=\"es-property-thumbnail\">\n            <div class=\"es-thumbnail\">\n                <a href=\"https:\/\/felixconcha.com\/web\/index.php\/propiedad\/venta-de-casa-individual-9\/\">\n                                            <img width=\"536\" height=\"370\" src=\"https:\/\/felixconcha.com\/web\/wp-content\/uploads\/2025\/09\/IMG_20250920_130449-536x370.jpg\" class=\"attachment-es-image-size-archive size-es-image-size-archive\" alt=\"\" loading=\"lazy\" \/>                    \n                                            <ul class=\"es-property-label-wrap\">\n                                                                                                                                                                                                                                        <\/ul>\n                                                                <div class=\"es-thumbnail-bottom\">23<\/div>\n                                    <\/a>\n            <\/div>\n        <\/div>\n\n        <div class=\"es-property-info\">\n\n            <div class=\"es-row-view\">\n                <h2>\n                    <a href=\"https:\/\/felixconcha.com\/web\/index.php\/propiedad\/venta-de-casa-individual-9\/\">Barrio Encina, Santa Mar\u00eda de Cay\u00f3n, Espa\u00f1a<\/a>\n                    <span class=\"es-price\">360.000,00 \u20ac<\/span>                <\/h2>\n            <\/div>\n\n            <div class=\"es-col-view\">\n                <h2>\n                    <a class=\"es-property-link\" href=\"https:\/\/felixconcha.com\/web\/index.php\/propiedad\/venta-de-casa-individual-9\/\">Barrio Encina, Santa Mar\u00eda de Cay\u00f3n, Espa\u00f1a<\/a>\n\t                                <\/h2>\n\t            <span class=\"es-price\">360.000,00 \u20ac<\/span>            <\/div>\n\n\t        \n            <div class=\"es-property-content\">\n                <div class=\"es-property-excerpt\">\n\t\t            <p class=\"excerpt\">Magnifica casa individual de piedra enclavada en una parcela de 576 m2 y con una superficie de 251 m2 .La vivienda esta repartida en dos viviendas una reformada y otra a reformar .La vivienda reformada dispone de cocina, sal\u00f3n-comedor,3 habitaciones (la principal con vestidor),ba\u00f1o y una amplia terraza. La vivienda\u00a0 que esta para reformar dispone de cocina, ba\u00f1o,sal\u00f3n-comedor,3 habitaciones, balc\u00f3n y desv\u00e1n. Ubicada en una zona muy tranquila con sendas verdes .Aproximadamente un km de Saron con todos los servicios esenciales y 20 minutos de Santander y playas. \u00c9l terreno tiene piscina m\u00f3vil y arboles frutales.<\/p>\n                <\/div>\n                <div class=\"es-property-wishlist\">\n\t\t                            <\/div>\n            <\/div>\n\n\n            <div class=\"es-bottom-info\">\n\n                                    <div class=\"es-bottom-icon-cols\">\n                                                                             <span class=\"es-bottom-icon\"><i class=\"es-icon es-bed\" aria-hidden=\"true\"><\/i> 6 \u0441uartos<\/span>                                                                            <span class=\"es-bottom-icon\"><i class=\"es-icon es-bath\" aria-hidden=\"true\"><\/i> 2 ba\u00f1os<\/span>                                            <\/div>\n                \n                                    <div class=\"es-bottom-icon-list\">\n                                                                            <span class=\"es-bottom-icon\"><i class=\"es-icon es-bed\" aria-hidden=\"true\"><\/i> 6 \u0441uartos<\/span>                                                                            <span class=\"es-bottom-icon\"><i class=\"es-icon es-bath\" aria-hidden=\"true\"><\/i> 2 ba\u00f1os<\/span>                                            <\/div>\n                \n                <div class=\"es-details-wrap es-details-no-padding\">\n                    <div class=\"es-details-flex\">\n                                                    <div class=\"es-map-link-wrap\">\n                                <a href=\"#\" class=\"es-map-view-link es-hover-show\" data-longitude=\"-3.8900634\"\n                                   data-latitude=\"43.3168547\">Ver en mapa<\/a>\n                            <\/div>\n                                                <span class=\"es-read-wrap\">\n                            <a href=\"https:\/\/felixconcha.com\/web\/index.php\/propiedad\/venta-de-casa-individual-9\/\" class=\"es-button es-button-orange es-hover-show es-read\">Detalles<\/a>\n                        <\/span>\n                    <\/div>\n                <\/div>\n            <\/div>\n        <\/div>\n\n    <\/div>\n<\/div>\n                            \n<div id=\"post-4436\" class=\"post-4436 properties type-properties status-publish has-post-thumbnail hentry\">\n    <div class=\"es-property-inner\">\n        <div class=\"es-property-thumbnail\">\n            <div class=\"es-thumbnail\">\n                <a href=\"https:\/\/felixconcha.com\/web\/index.php\/propiedad\/venta-de-casa-60\/\">\n                                            <img width=\"536\" height=\"370\" src=\"https:\/\/felixconcha.com\/web\/wp-content\/uploads\/2025\/09\/IMG_20250911_140900-536x370.jpg\" class=\"attachment-es-image-size-archive size-es-image-size-archive\" alt=\"\" loading=\"lazy\" \/>                    \n                                            <ul class=\"es-property-label-wrap\">\n                                                                                                                                                                                                                                        <\/ul>\n                                                                <div class=\"es-thumbnail-bottom\">8<\/div>\n                                    <\/a>\n            <\/div>\n        <\/div>\n\n        <div class=\"es-property-info\">\n\n            <div class=\"es-row-view\">\n                <h2>\n                    <a href=\"https:\/\/felixconcha.com\/web\/index.php\/propiedad\/venta-de-casa-60\/\">Selaya, Cantabria, Espa\u00f1a<\/a>\n                    <span class=\"es-price\">110.000,00 \u20ac<\/span>                <\/h2>\n            <\/div>\n\n            <div class=\"es-col-view\">\n                <h2>\n                    <a class=\"es-property-link\" href=\"https:\/\/felixconcha.com\/web\/index.php\/propiedad\/venta-de-casa-60\/\">Selaya, Cantabria, Espa\u00f1a<\/a>\n\t                                <\/h2>\n\t            <span class=\"es-price\">110.000,00 \u20ac<\/span>            <\/div>\n\n\t        \n            <div class=\"es-property-content\">\n                <div class=\"es-property-excerpt\">\n\t\t            <p class=\"excerpt\">Estupenda casa de piedra de 116 m2 de superficie construidos y repartidos en 64 m2 de vivienda y 52 de almac\u00e9n . La vivienda necesita reforma integral. Tiene una parcela de 233 m2 cerrada por un muro.Est\u00e1 situada en Selaya en los Valles Pasiegos y cuenta el pueblo con los servicios esenciales.<\/p>\n                <\/div>\n                <div class=\"es-property-wishlist\">\n\t\t                            <\/div>\n            <\/div>\n\n\n            <div class=\"es-bottom-info\">\n\n                                    <div class=\"es-bottom-icon-cols\">\n                                                                             <span class=\"es-bottom-icon\"><i class=\"es-icon es-bed\" aria-hidden=\"true\"><\/i> 3 \u0441uartos<\/span>                                                                            <span class=\"es-bottom-icon\"><i class=\"es-icon es-bath\" aria-hidden=\"true\"><\/i> 1 ba\u00f1o<\/span>                                            <\/div>\n                \n                                    <div class=\"es-bottom-icon-list\">\n                                                                            <span class=\"es-bottom-icon\"><i class=\"es-icon es-bed\" aria-hidden=\"true\"><\/i> 3 \u0441uartos<\/span>                                                                            <span class=\"es-bottom-icon\"><i class=\"es-icon es-bath\" aria-hidden=\"true\"><\/i> 1 ba\u00f1o<\/span>                                            <\/div>\n                \n                <div class=\"es-details-wrap es-details-no-padding\">\n                    <div class=\"es-details-flex\">\n                                                    <div class=\"es-map-link-wrap\">\n                                <a href=\"#\" class=\"es-map-view-link es-hover-show\" data-longitude=\"-3.8076609\"\n                                   data-latitude=\"43.2173647\">Ver en mapa<\/a>\n                            <\/div>\n                                                <span class=\"es-read-wrap\">\n                            <a href=\"https:\/\/felixconcha.com\/web\/index.php\/propiedad\/venta-de-casa-60\/\" class=\"es-button es-button-orange es-hover-show es-read\">Detalles<\/a>\n                        <\/span>\n                    <\/div>\n                <\/div>\n            <\/div>\n        <\/div>\n\n    <\/div>\n<\/div>\n                            \n<div id=\"post-4416\" class=\"post-4416 properties type-properties status-publish has-post-thumbnail hentry\">\n    <div class=\"es-property-inner\">\n        <div class=\"es-property-thumbnail\">\n            <div class=\"es-thumbnail\">\n                <a href=\"https:\/\/felixconcha.com\/web\/index.php\/propiedad\/venta-de-casa-pareada-14\/\">\n                                            <img width=\"536\" height=\"370\" src=\"https:\/\/felixconcha.com\/web\/wp-content\/uploads\/2025\/09\/IMG_20250902_154005-536x370.jpg\" class=\"attachment-es-image-size-archive size-es-image-size-archive\" alt=\"\" loading=\"lazy\" \/>                    \n                                            <ul class=\"es-property-label-wrap\">\n                                                                                                                                                                                                                        <li class=\"es-property-label es-property-label-vendido\"\n                                        style=\"color:#c40808\">Vendido<\/li><br>\n                                                                                    <\/ul>\n                                                                <div class=\"es-thumbnail-bottom\">19<\/div>\n                                    <\/a>\n            <\/div>\n        <\/div>\n\n        <div class=\"es-property-info\">\n\n            <div class=\"es-row-view\">\n                <h2>\n                    <a href=\"https:\/\/felixconcha.com\/web\/index.php\/propiedad\/venta-de-casa-pareada-14\/\">Corvera de Toranzo, Espa\u00f1a<\/a>\n                    <span class=\"es-price\">210.000,00 \u20ac<\/span>                <\/h2>\n            <\/div>\n\n            <div class=\"es-col-view\">\n                <h2>\n                    <a class=\"es-property-link\" href=\"https:\/\/felixconcha.com\/web\/index.php\/propiedad\/venta-de-casa-pareada-14\/\">Corvera de Toranzo, Espa\u00f1a<\/a>\n\t                                <\/h2>\n\t            <span class=\"es-price\">210.000,00 \u20ac<\/span>            <\/div>\n\n\t        \n            <div class=\"es-property-content\">\n                <div class=\"es-property-excerpt\">\n\t\t            <p class=\"excerpt\">Fant\u00e1stica casa pareada de piedra de\u00a0 348 m2 repartidos en 140 m2 de vivienda y 208 de almacenes .La vivienda esta enclavada en una parcela urbana de 466 m2 y otra rustica de 1943 m2 .La vivienda dispone de cocina, sal\u00f3n-comedor con chimenea,4 habitaciones, ba\u00f1o y balc\u00f3n. Zona muy tranquila de los Valles Pasiegos con sendas verdes por al lado del rio Pas.<\/p>\n                <\/div>\n                <div class=\"es-property-wishlist\">\n\t\t                            <\/div>\n            <\/div>\n\n\n            <div class=\"es-bottom-info\">\n\n                                    <div class=\"es-bottom-icon-cols\">\n                                                                             <span class=\"es-bottom-icon\"><i class=\"es-icon es-bed\" aria-hidden=\"true\"><\/i> 4 \u0441uartos<\/span>                                                                            <span class=\"es-bottom-icon\"><i class=\"es-icon es-bath\" aria-hidden=\"true\"><\/i> 1 ba\u00f1o<\/span>                                            <\/div>\n                \n                                    <div class=\"es-bottom-icon-list\">\n                                                                            <span class=\"es-bottom-icon\"><i class=\"es-icon es-bed\" aria-hidden=\"true\"><\/i> 4 \u0441uartos<\/span>                                                                            <span class=\"es-bottom-icon\"><i class=\"es-icon es-bath\" aria-hidden=\"true\"><\/i> 1 ba\u00f1o<\/span>                                            <\/div>\n                \n                <div class=\"es-details-wrap es-details-no-padding\">\n                    <div class=\"es-details-flex\">\n                                                    <div class=\"es-map-link-wrap\">\n                                <a href=\"#\" class=\"es-map-view-link es-hover-show\" data-longitude=\"-3.9572374\"\n                                   data-latitude=\"43.2129031\">Ver en mapa<\/a>\n                            <\/div>\n                                                <span class=\"es-read-wrap\">\n                            <a href=\"https:\/\/felixconcha.com\/web\/index.php\/propiedad\/venta-de-casa-pareada-14\/\" class=\"es-button es-button-orange es-hover-show es-read\">Detalles<\/a>\n                        <\/span>\n                    <\/div>\n                <\/div>\n            <\/div>\n        <\/div>\n\n    <\/div>\n<\/div>\n                            \n<div id=\"post-4401\" class=\"post-4401 properties type-properties status-publish has-post-thumbnail hentry\">\n    <div class=\"es-property-inner\">\n        <div class=\"es-property-thumbnail\">\n            <div class=\"es-thumbnail\">\n                <a href=\"https:\/\/felixconcha.com\/web\/index.php\/propiedad\/venta-de-parcelas\/\">\n                                            <img width=\"536\" height=\"370\" src=\"https:\/\/felixconcha.com\/web\/wp-content\/uploads\/2025\/09\/IMG_20250913_140058-536x370.jpg\" class=\"attachment-es-image-size-archive size-es-image-size-archive\" alt=\"\" loading=\"lazy\" \/>                    \n                                            <ul class=\"es-property-label-wrap\">\n                                                                                                                                                                                                                                        <\/ul>\n                                                                <div class=\"es-thumbnail-bottom\">11<\/div>\n                                    <\/a>\n            <\/div>\n        <\/div>\n\n        <div class=\"es-property-info\">\n\n            <div class=\"es-row-view\">\n                <h2>\n                    <a href=\"https:\/\/felixconcha.com\/web\/index.php\/propiedad\/venta-de-parcelas\/\">La Encina de Cay\u00f3n, SV-5612, Santa Mar\u00eda de Cay\u00f3n, Espa\u00f1a<\/a>\n                    <span class=\"es-price\">70.000,00 \u20ac<\/span>                <\/h2>\n            <\/div>\n\n            <div class=\"es-col-view\">\n                <h2>\n                    <a class=\"es-property-link\" href=\"https:\/\/felixconcha.com\/web\/index.php\/propiedad\/venta-de-parcelas\/\">La Encina de Cay\u00f3n, SV-5612, Santa Mar\u00eda de Cay\u00f3n, Espa\u00f1a<\/a>\n\t                                <\/h2>\n\t            <span class=\"es-price\">70.000,00 \u20ac<\/span>            <\/div>\n\n\t        \n            <div class=\"es-property-content\">\n                <div class=\"es-property-excerpt\">\n\t\t            <p class=\"excerpt\">Fant\u00e1sticas parcelas urbanas de 650 m2 en la encina de Cayon a un km aproximadamente de Saron que cuenta con todos los servicios esenciales. Las parcelas tienen cerca los suministros de agua ,luz y saneamiento .Zona muy tranquila con sendas verdes y tienen\u00a0 una orientaci\u00f3n estupenda al sur-oeste.<\/p>\n                <\/div>\n                <div class=\"es-property-wishlist\">\n\t\t                            <\/div>\n            <\/div>\n\n\n            <div class=\"es-bottom-info\">\n\n                \n                \n                <div class=\"es-details-wrap \">\n                    <div class=\"es-details-flex\">\n                                                    <div class=\"es-map-link-wrap\">\n                                <a href=\"#\" class=\"es-map-view-link es-hover-show\" data-longitude=\"-3.859323299999999\"\n                                   data-latitude=\"43.31779299999999\">Ver en mapa<\/a>\n                            <\/div>\n                                                <span class=\"es-read-wrap\">\n                            <a href=\"https:\/\/felixconcha.com\/web\/index.php\/propiedad\/venta-de-parcelas\/\" class=\"es-button es-button-orange es-hover-show es-read\">Detalles<\/a>\n                        <\/span>\n                    <\/div>\n                <\/div>\n            <\/div>\n        <\/div>\n\n    <\/div>\n<\/div>\n                            \n<div id=\"post-4377\" class=\"post-4377 properties type-properties status-publish has-post-thumbnail hentry\">\n    <div class=\"es-property-inner\">\n        <div class=\"es-property-thumbnail\">\n            <div class=\"es-thumbnail\">\n                <a href=\"https:\/\/felixconcha.com\/web\/index.php\/propiedad\/venta-de-casa-independiente\/\">\n                                            <img width=\"536\" height=\"370\" src=\"https:\/\/felixconcha.com\/web\/wp-content\/uploads\/2025\/09\/IMG_20250828_204107-536x370.jpg\" class=\"attachment-es-image-size-archive size-es-image-size-archive\" alt=\"\" loading=\"lazy\" \/>                    \n                                            <ul class=\"es-property-label-wrap\">\n                                                                                                                                                            <li class=\"es-property-label es-property-label-reservado\"\n                                        style=\"color:#00cbf0\">Reservado<\/li><br>\n                                                                                                                                                <\/ul>\n                                                                <div class=\"es-thumbnail-bottom\">19<\/div>\n                                    <\/a>\n            <\/div>\n        <\/div>\n\n        <div class=\"es-property-info\">\n\n            <div class=\"es-row-view\">\n                <h2>\n                    <a href=\"https:\/\/felixconcha.com\/web\/index.php\/propiedad\/venta-de-casa-independiente\/\">La Encina de Cay\u00f3n, SV-5612, Santa Mar\u00eda de Cay\u00f3n, Espa\u00f1a<\/a>\n                    <span class=\"es-price\">160.000,00 \u20ac<\/span>                <\/h2>\n            <\/div>\n\n            <div class=\"es-col-view\">\n                <h2>\n                    <a class=\"es-property-link\" href=\"https:\/\/felixconcha.com\/web\/index.php\/propiedad\/venta-de-casa-independiente\/\">La Encina de Cay\u00f3n, SV-5612, Santa Mar\u00eda de Cay\u00f3n, Espa\u00f1a<\/a>\n\t                                <\/h2>\n\t            <span class=\"es-price\">160.000,00 \u20ac<\/span>            <\/div>\n\n\t        \n            <div class=\"es-property-content\">\n                <div class=\"es-property-excerpt\">\n\t\t            <p class=\"excerpt\">Estupenda casa de piedra con una superficie de 318 m2 en dos plantas .Dispone de cocina ,2 aseos, 2 ba\u00f1os ,6 habitaciones, sal\u00f3n-comedor, porche y terraza. Situada en la Encina de Cayon a 1km mas o menos de Saron con todos los servicios esenciales. Tejado reparado recientemente ,zona muy tranquila con sendas verdes.<\/p>\n                <\/div>\n                <div class=\"es-property-wishlist\">\n\t\t                            <\/div>\n            <\/div>\n\n\n            <div class=\"es-bottom-info\">\n\n                                    <div class=\"es-bottom-icon-cols\">\n                                                                             <span class=\"es-bottom-icon\"><i class=\"es-icon es-bed\" aria-hidden=\"true\"><\/i> 6 \u0441uartos<\/span>                                                                            <span class=\"es-bottom-icon\"><i class=\"es-icon es-bath\" aria-hidden=\"true\"><\/i> 4 ba\u00f1os<\/span>                                            <\/div>\n                \n                                    <div class=\"es-bottom-icon-list\">\n                                                                            <span class=\"es-bottom-icon\"><i class=\"es-icon es-bed\" aria-hidden=\"true\"><\/i> 6 \u0441uartos<\/span>                                                                            <span class=\"es-bottom-icon\"><i class=\"es-icon es-bath\" aria-hidden=\"true\"><\/i> 4 ba\u00f1os<\/span>                                            <\/div>\n                \n                <div class=\"es-details-wrap es-details-no-padding\">\n                    <div class=\"es-details-flex\">\n                                                    <div class=\"es-map-link-wrap\">\n                                <a href=\"#\" class=\"es-map-view-link es-hover-show\" data-longitude=\"-3.859323299999999\"\n                                   data-latitude=\"43.31779299999999\">Ver en mapa<\/a>\n                            <\/div>\n                                                <span class=\"es-read-wrap\">\n                            <a href=\"https:\/\/felixconcha.com\/web\/index.php\/propiedad\/venta-de-casa-independiente\/\" class=\"es-button es-button-orange es-hover-show es-read\">Detalles<\/a>\n                        <\/span>\n                    <\/div>\n                <\/div>\n            <\/div>\n        <\/div>\n\n    <\/div>\n<\/div>\n                            \n<div id=\"post-4352\" class=\"post-4352 properties type-properties status-publish has-post-thumbnail hentry\">\n    <div class=\"es-property-inner\">\n        <div class=\"es-property-thumbnail\">\n            <div class=\"es-thumbnail\">\n                <a href=\"https:\/\/felixconcha.com\/web\/index.php\/propiedad\/venta-chalet-pareado-2\/\">\n                                            <img width=\"536\" height=\"370\" src=\"https:\/\/felixconcha.com\/web\/wp-content\/uploads\/2025\/09\/IMG_20250902_181400-536x370.jpg\" class=\"attachment-es-image-size-archive size-es-image-size-archive\" alt=\"\" loading=\"lazy\" \/>                    \n                                            <ul class=\"es-property-label-wrap\">\n                                                                                                                                                                                                                                        <\/ul>\n                                                                <div class=\"es-thumbnail-bottom\">22<\/div>\n                                    <\/a>\n            <\/div>\n        <\/div>\n\n        <div class=\"es-property-info\">\n\n            <div class=\"es-row-view\">\n                <h2>\n                    <a href=\"https:\/\/felixconcha.com\/web\/index.php\/propiedad\/venta-chalet-pareado-2\/\">Pomaluengo, Espa\u00f1a<\/a>\n                    <span class=\"es-price\">360.000,00 \u20ac<\/span>                <\/h2>\n            <\/div>\n\n            <div class=\"es-col-view\">\n                <h2>\n                    <a class=\"es-property-link\" href=\"https:\/\/felixconcha.com\/web\/index.php\/propiedad\/venta-chalet-pareado-2\/\">Pomaluengo, Espa\u00f1a<\/a>\n\t                                <\/h2>\n\t            <span class=\"es-price\">360.000,00 \u20ac<\/span>            <\/div>\n\n\t        \n            <div class=\"es-property-content\">\n                <div class=\"es-property-excerpt\">\n\t\t            <p class=\"excerpt\">Magnifico chalet pareado de 200 m2 .Esta repartido en tres plantas y acondicionado para dos viviendas un bajo y un d\u00faplex. \u00c9l bajo dispone de cocina ,ba\u00f1o completo ,1 habitaci\u00f3n, sal\u00f3n-comedor con chimenea ,un fabuloso porche con salida al jard\u00edn y al terraza .El d\u00faplex dispone de cocina, ba\u00f1o completo,4 habitaciones y terrazas. Tiene un garaje de 29 m2 con puerta autom\u00e1tica. Zona muy tranquila ,muy cerca de la senda verde de Astillero-Ontaneda\u00a0 que cuenta con\u00a0 estupendos paisaje natural de los Vales Pasiegos. Ubicado en una zona central de Cantabria aproximadamente 10 minutos de Torrelavega en coche\u00a0 y 20 de Santander y de las\u00a0 playas.\u00a0<\/p>\n                <\/div>\n                <div class=\"es-property-wishlist\">\n\t\t                            <\/div>\n            <\/div>\n\n\n            <div class=\"es-bottom-info\">\n\n                                    <div class=\"es-bottom-icon-cols\">\n                                                                             <span class=\"es-bottom-icon\"><i class=\"es-icon es-bed\" aria-hidden=\"true\"><\/i> 5 \u0441uartos<\/span>                                                                            <span class=\"es-bottom-icon\"><i class=\"es-icon es-bath\" aria-hidden=\"true\"><\/i> 2 ba\u00f1os<\/span>                                            <\/div>\n                \n                                    <div class=\"es-bottom-icon-list\">\n                                                                            <span class=\"es-bottom-icon\"><i class=\"es-icon es-bed\" aria-hidden=\"true\"><\/i> 5 \u0441uartos<\/span>                                                                            <span class=\"es-bottom-icon\"><i class=\"es-icon es-bath\" aria-hidden=\"true\"><\/i> 2 ba\u00f1os<\/span>                                            <\/div>\n                \n                <div class=\"es-details-wrap es-details-no-padding\">\n                    <div class=\"es-details-flex\">\n                                                    <div class=\"es-map-link-wrap\">\n                                <a href=\"#\" class=\"es-map-view-link es-hover-show\" data-longitude=\"-3.9282724\"\n                                   data-latitude=\"43.31069369999999\">Ver en mapa<\/a>\n                            <\/div>\n                                                <span class=\"es-read-wrap\">\n                            <a href=\"https:\/\/felixconcha.com\/web\/index.php\/propiedad\/venta-chalet-pareado-2\/\" class=\"es-button es-button-orange es-hover-show es-read\">Detalles<\/a>\n                        <\/span>\n                    <\/div>\n                <\/div>\n            <\/div>\n        <\/div>\n\n    <\/div>\n<\/div>\n                            \n<div id=\"post-4309\" class=\"post-4309 properties type-properties status-publish has-post-thumbnail hentry\">\n    <div class=\"es-property-inner\">\n        <div class=\"es-property-thumbnail\">\n            <div class=\"es-thumbnail\">\n                <a href=\"https:\/\/felixconcha.com\/web\/index.php\/propiedad\/venta-de-atico-7\/\">\n                                            <img width=\"536\" height=\"370\" src=\"https:\/\/felixconcha.com\/web\/wp-content\/uploads\/2025\/08\/Screenshot_2025-08-09-19-11-05-967_com.google.android.apps_.maps-edit-536x370.jpg\" class=\"attachment-es-image-size-archive size-es-image-size-archive\" alt=\"\" loading=\"lazy\" \/>                    \n                                            <ul class=\"es-property-label-wrap\">\n                                                                                                                                                                                                                        <li class=\"es-property-label es-property-label-vendido\"\n                                        style=\"color:#c40808\">Vendido<\/li><br>\n                                                                                    <\/ul>\n                                                                <div class=\"es-thumbnail-bottom\">13<\/div>\n                                    <\/a>\n            <\/div>\n        <\/div>\n\n        <div class=\"es-property-info\">\n\n            <div class=\"es-row-view\">\n                <h2>\n                    <a href=\"https:\/\/felixconcha.com\/web\/index.php\/propiedad\/venta-de-atico-7\/\">Villacarriedo, Espa\u00f1a<\/a>\n                    <span class=\"es-price\">135.000,00 \u20ac<\/span>                <\/h2>\n            <\/div>\n\n            <div class=\"es-col-view\">\n                <h2>\n                    <a class=\"es-property-link\" href=\"https:\/\/felixconcha.com\/web\/index.php\/propiedad\/venta-de-atico-7\/\">Villacarriedo, Espa\u00f1a<\/a>\n\t                                <\/h2>\n\t            <span class=\"es-price\">135.000,00 \u20ac<\/span>            <\/div>\n\n\t        \n            <div class=\"es-property-content\">\n                <div class=\"es-property-excerpt\">\n\t\t            <p class=\"excerpt\">Magn\u00edfico piso \u00e1tico a estrenar de 102 m2 con una plaza de garaje de 18 m2.El piso dispone de cocina,2 ba\u00f1os, sal\u00f3n -comedor,3 habitaciones.Tiene todos los suministros en funcionamiento.No est\u00e1 amueblado.La vivienda es VPO solo puede ser vivienda habitual .Se encuentra en Villacarriedo zona de los Valles Pasiegos con todos los servicios esenciales.<\/p>\n                <\/div>\n                <div class=\"es-property-wishlist\">\n\t\t                            <\/div>\n            <\/div>\n\n\n            <div class=\"es-bottom-info\">\n\n                                    <div class=\"es-bottom-icon-cols\">\n                                                                             <span class=\"es-bottom-icon\"><i class=\"es-icon es-bed\" aria-hidden=\"true\"><\/i> 3 \u0441uartos<\/span>                                                                    <\/div>\n                \n                                    <div class=\"es-bottom-icon-list\">\n                                                                            <span class=\"es-bottom-icon\"><i class=\"es-icon es-bed\" aria-hidden=\"true\"><\/i> 3 \u0441uartos<\/span>                                                                    <\/div>\n                \n                <div class=\"es-details-wrap es-details-no-padding\">\n                    <div class=\"es-details-flex\">\n                                                    <div class=\"es-map-link-wrap\">\n                                <a href=\"#\" class=\"es-map-view-link es-hover-show\" data-longitude=\"-3.8102032\"\n                                   data-latitude=\"43.2281523\">Ver en mapa<\/a>\n                            <\/div>\n                                                <span class=\"es-read-wrap\">\n                            <a href=\"https:\/\/felixconcha.com\/web\/index.php\/propiedad\/venta-de-atico-7\/\" class=\"es-button es-button-orange es-hover-show es-read\">Detalles<\/a>\n                        <\/span>\n                    <\/div>\n                <\/div>\n            <\/div>\n        <\/div>\n\n    <\/div>\n<\/div>\n                            \n<div id=\"post-4300\" class=\"post-4300 properties type-properties status-publish has-post-thumbnail hentry\">\n    <div class=\"es-property-inner\">\n        <div class=\"es-property-thumbnail\">\n            <div class=\"es-thumbnail\">\n                <a href=\"https:\/\/felixconcha.com\/web\/index.php\/propiedad\/venta-casa-pareada-6\/\">\n                                            <img width=\"536\" height=\"370\" src=\"https:\/\/felixconcha.com\/web\/wp-content\/uploads\/2025\/08\/Screenshot_2025-08-07-00-52-24-276_com.google.android.apps_.maps-edit-1-536x370.jpg\" class=\"attachment-es-image-size-archive size-es-image-size-archive\" alt=\"\" loading=\"lazy\" \/>                    \n                                            <ul class=\"es-property-label-wrap\">\n                                                                                                                                                                                                                                        <\/ul>\n                                                                <div class=\"es-thumbnail-bottom\">5<\/div>\n                                    <\/a>\n            <\/div>\n        <\/div>\n\n        <div class=\"es-property-info\">\n\n            <div class=\"es-row-view\">\n                <h2>\n                    <a href=\"https:\/\/felixconcha.com\/web\/index.php\/propiedad\/venta-casa-pareada-6\/\">Villacarriedo, Espa\u00f1a<\/a>\n                    <span class=\"es-price\">150.000,00 \u20ac<\/span>                <\/h2>\n            <\/div>\n\n            <div class=\"es-col-view\">\n                <h2>\n                    <a class=\"es-property-link\" href=\"https:\/\/felixconcha.com\/web\/index.php\/propiedad\/venta-casa-pareada-6\/\">Villacarriedo, Espa\u00f1a<\/a>\n\t                                <\/h2>\n\t            <span class=\"es-price\">150.000,00 \u20ac<\/span>            <\/div>\n\n\t        \n            <div class=\"es-property-content\">\n                <div class=\"es-property-excerpt\">\n\t\t            <p class=\"excerpt\">Casa pareada de 740 m2 de superficie construida\u00a0 y esta enclavada en una parcela de 635 m2 ,que esta cerrada por un muro de piedra .La vivienda esta repartida en 518 m2 de almacenes y 222 m2 de vivienda aunque necesita todo reforma integral excepto el tejado que esta reci\u00e9n reformado. Situada en Villacarriedo en los Valles Pasiegos .Con la tranquilidad de un pueblo y con todos los servicios esenciales\u00a0<\/p>\n                <\/div>\n                <div class=\"es-property-wishlist\">\n\t\t                            <\/div>\n            <\/div>\n\n\n            <div class=\"es-bottom-info\">\n\n                                    <div class=\"es-bottom-icon-cols\">\n                                                                             <span class=\"es-bottom-icon\"><i class=\"es-icon es-bed\" aria-hidden=\"true\"><\/i> 4 \u0441uartos<\/span>                                                                            <span class=\"es-bottom-icon\"><i class=\"es-icon es-bath\" aria-hidden=\"true\"><\/i> 1 ba\u00f1o<\/span>                                            <\/div>\n                \n                                    <div class=\"es-bottom-icon-list\">\n                                                                            <span class=\"es-bottom-icon\"><i class=\"es-icon es-bed\" aria-hidden=\"true\"><\/i> 4 \u0441uartos<\/span>                                                                            <span class=\"es-bottom-icon\"><i class=\"es-icon es-bath\" aria-hidden=\"true\"><\/i> 1 ba\u00f1o<\/span>                                            <\/div>\n                \n                <div class=\"es-details-wrap es-details-no-padding\">\n                    <div class=\"es-details-flex\">\n                                                    <div class=\"es-map-link-wrap\">\n                                <a href=\"#\" class=\"es-map-view-link es-hover-show\" data-longitude=\"-3.8102032\"\n                                   data-latitude=\"43.2281523\">Ver en mapa<\/a>\n                            <\/div>\n                                                <span class=\"es-read-wrap\">\n                            <a href=\"https:\/\/felixconcha.com\/web\/index.php\/propiedad\/venta-casa-pareada-6\/\" class=\"es-button es-button-orange es-hover-show es-read\">Detalles<\/a>\n                        <\/span>\n                    <\/div>\n                <\/div>\n            <\/div>\n        <\/div>\n\n    <\/div>\n<\/div>\n                            \n<div id=\"post-4278\" class=\"post-4278 properties type-properties status-publish has-post-thumbnail hentry\">\n    <div class=\"es-property-inner\">\n        <div class=\"es-property-thumbnail\">\n            <div class=\"es-thumbnail\">\n                <a href=\"https:\/\/felixconcha.com\/web\/index.php\/propiedad\/venta-de-cabana-14\/\">\n                                            <img width=\"536\" height=\"370\" src=\"https:\/\/felixconcha.com\/web\/wp-content\/uploads\/2025\/07\/IMG_20250715_193725-536x370.jpg\" class=\"attachment-es-image-size-archive size-es-image-size-archive\" alt=\"\" loading=\"lazy\" \/>                    \n                                            <ul class=\"es-property-label-wrap\">\n                                                                                                                                                                                                                        <li class=\"es-property-label es-property-label-vendido\"\n                                        style=\"color:#c40808\">Vendido<\/li><br>\n                                                                                    <\/ul>\n                                                                <div class=\"es-thumbnail-bottom\">9<\/div>\n                                    <\/a>\n            <\/div>\n        <\/div>\n\n        <div class=\"es-property-info\">\n\n            <div class=\"es-row-view\">\n                <h2>\n                    <a href=\"https:\/\/felixconcha.com\/web\/index.php\/propiedad\/venta-de-cabana-14\/\">Esponzu\u00e9s, Cantabria, Espa\u00f1a<\/a>\n                    <span class=\"es-price\">55.000,00 \u20ac<\/span>                <\/h2>\n            <\/div>\n\n            <div class=\"es-col-view\">\n                <h2>\n                    <a class=\"es-property-link\" href=\"https:\/\/felixconcha.com\/web\/index.php\/propiedad\/venta-de-cabana-14\/\">Esponzu\u00e9s, Cantabria, Espa\u00f1a<\/a>\n\t                                <\/h2>\n\t            <span class=\"es-price\">55.000,00 \u20ac<\/span>            <\/div>\n\n\t        \n            <div class=\"es-property-content\">\n                <div class=\"es-property-excerpt\">\n\t\t            <p class=\"excerpt\">Estupenda caba\u00f1a de 206 m2 en dos plantas. Esta enclavada en una finca de 18575 m2 .Tiene uso ganadero .Se podr\u00eda tramitar el cambio de uso mediante la tramitaci\u00f3n CROTU. Cuenta con electricidad\u00a0 y agua de un manantial con posibilidad .Buen acceso y muy soleada.\u00a0<\/p>\n                <\/div>\n                <div class=\"es-property-wishlist\">\n\t\t                            <\/div>\n            <\/div>\n\n\n            <div class=\"es-bottom-info\">\n\n                \n                \n                <div class=\"es-details-wrap \">\n                    <div class=\"es-details-flex\">\n                                                    <div class=\"es-map-link-wrap\">\n                                <a href=\"#\" class=\"es-map-view-link es-hover-show\" data-longitude=\"-3.9530943\"\n                                   data-latitude=\"43.2060989\">Ver en mapa<\/a>\n                            <\/div>\n                                                <span class=\"es-read-wrap\">\n                            <a href=\"https:\/\/felixconcha.com\/web\/index.php\/propiedad\/venta-de-cabana-14\/\" class=\"es-button es-button-orange es-hover-show es-read\">Detalles<\/a>\n                        <\/span>\n                    <\/div>\n                <\/div>\n            <\/div>\n        <\/div>\n\n    <\/div>\n<\/div>\n                            \n<div id=\"post-4244\" class=\"post-4244 properties type-properties status-publish has-post-thumbnail hentry\">\n    <div class=\"es-property-inner\">\n        <div class=\"es-property-thumbnail\">\n            <div class=\"es-thumbnail\">\n                <a href=\"https:\/\/felixconcha.com\/web\/index.php\/propiedad\/venta-de-casa-pareada-13\/\">\n                                            <img width=\"536\" height=\"370\" src=\"https:\/\/felixconcha.com\/web\/wp-content\/uploads\/2025\/06\/Screenshot_2025-06-25-16-11-27-286_com.miui_.gallery-edit-536x370.jpg\" class=\"attachment-es-image-size-archive size-es-image-size-archive\" alt=\"\" loading=\"lazy\" \/>                    \n                                            <ul class=\"es-property-label-wrap\">\n                                                                                                                                                                                                                                        <\/ul>\n                                                                <div class=\"es-thumbnail-bottom\">29<\/div>\n                                    <\/a>\n            <\/div>\n        <\/div>\n\n        <div class=\"es-property-info\">\n\n            <div class=\"es-row-view\">\n                <h2>\n                    <a href=\"https:\/\/felixconcha.com\/web\/index.php\/propiedad\/venta-de-casa-pareada-13\/\">A\u00e9s, Espa\u00f1a<\/a>\n                    <span class=\"es-price\">375.000,00 \u20ac<\/span>                <\/h2>\n            <\/div>\n\n            <div class=\"es-col-view\">\n                <h2>\n                    <a class=\"es-property-link\" href=\"https:\/\/felixconcha.com\/web\/index.php\/propiedad\/venta-de-casa-pareada-13\/\">A\u00e9s, Espa\u00f1a<\/a>\n\t                                <\/h2>\n\t            <span class=\"es-price\">375.000,00 \u20ac<\/span>            <\/div>\n\n\t        \n            <div class=\"es-property-content\">\n                <div class=\"es-property-excerpt\">\n\t\t            <p class=\"excerpt\">Fant\u00e1stica casa pareada de piedra de estilo monta\u00f1\u00e9s.Envlavada en una parcela de 2367 m2 urbanos .Tiene una superficie construida de 803 m2 .Repartidos 337 m2 de vivienda y 466 m2 de almacenes . Vivienda con muchas posibilidades de uso . Necesita reforma\u00a0 integral.Situada en Aes un pueblo que pertenece al ayuntamiento de Puente Viesgo . [&hellip;]<\/p>\n                <\/div>\n                <div class=\"es-property-wishlist\">\n\t\t                            <\/div>\n            <\/div>\n\n\n            <div class=\"es-bottom-info\">\n\n                                    <div class=\"es-bottom-icon-cols\">\n                                                                             <span class=\"es-bottom-icon\"><i class=\"es-icon es-bed\" aria-hidden=\"true\"><\/i> 6 \u0441uartos<\/span>                                                                            <span class=\"es-bottom-icon\"><i class=\"es-icon es-bath\" aria-hidden=\"true\"><\/i> 2 ba\u00f1os<\/span>                                            <\/div>\n                \n                                    <div class=\"es-bottom-icon-list\">\n                                                                            <span class=\"es-bottom-icon\"><i class=\"es-icon es-bed\" aria-hidden=\"true\"><\/i> 6 \u0441uartos<\/span>                                                                            <span class=\"es-bottom-icon\"><i class=\"es-icon es-bath\" aria-hidden=\"true\"><\/i> 2 ba\u00f1os<\/span>                                            <\/div>\n                \n                <div class=\"es-details-wrap es-details-no-padding\">\n                    <div class=\"es-details-flex\">\n                                                    <div class=\"es-map-link-wrap\">\n                                <a href=\"#\" class=\"es-map-view-link es-hover-show\" data-longitude=\"-3.9553251\"\n                                   data-latitude=\"43.2835937\">Ver en mapa<\/a>\n                            <\/div>\n                                                <span class=\"es-read-wrap\">\n                            <a href=\"https:\/\/felixconcha.com\/web\/index.php\/propiedad\/venta-de-casa-pareada-13\/\" class=\"es-button es-button-orange es-hover-show es-read\">Detalles<\/a>\n                        <\/span>\n                    <\/div>\n                <\/div>\n            <\/div>\n        <\/div>\n\n    <\/div>\n<\/div>\n                            \n<div id=\"post-4226\" class=\"post-4226 properties type-properties status-publish has-post-thumbnail hentry\">\n    <div class=\"es-property-inner\">\n        <div class=\"es-property-thumbnail\">\n            <div class=\"es-thumbnail\">\n                <a href=\"https:\/\/felixconcha.com\/web\/index.php\/propiedad\/venta-piso-5\/\">\n                                            <img width=\"536\" height=\"370\" src=\"https:\/\/felixconcha.com\/web\/wp-content\/uploads\/2025\/06\/Screenshot_2025-06-14-23-18-33-039_com.miui_.gallery-edit-536x370.jpg\" class=\"attachment-es-image-size-archive size-es-image-size-archive\" alt=\"\" loading=\"lazy\" \/>                    \n                                            <ul class=\"es-property-label-wrap\">\n                                                                                                                                                                                                                        <li class=\"es-property-label es-property-label-vendido\"\n                                        style=\"color:#c40808\">Vendido<\/li><br>\n                                                                                    <\/ul>\n                                                                <div class=\"es-thumbnail-bottom\">15<\/div>\n                                    <\/a>\n            <\/div>\n        <\/div>\n\n        <div class=\"es-property-info\">\n\n            <div class=\"es-row-view\">\n                <h2>\n                    <a href=\"https:\/\/felixconcha.com\/web\/index.php\/propiedad\/venta-piso-5\/\">Calle Isaac Peral, 8, Santander, Espa\u00f1a<\/a>\n                    <span class=\"es-price\">184.000,00 \u20ac<\/span>                <\/h2>\n            <\/div>\n\n            <div class=\"es-col-view\">\n                <h2>\n                    <a class=\"es-property-link\" href=\"https:\/\/felixconcha.com\/web\/index.php\/propiedad\/venta-piso-5\/\">Calle Isaac Peral, 8, Santander, Espa\u00f1a<\/a>\n\t                                <\/h2>\n\t            <span class=\"es-price\">184.000,00 \u20ac<\/span>            <\/div>\n\n\t        \n            <div class=\"es-property-content\">\n                <div class=\"es-property-excerpt\">\n\t\t            <p class=\"excerpt\">Estupendo\u00a0 piso con una superficie de 77 m2. Dispone de hall de entrada, amplia cocina , sal\u00f3n, 2 habitaciones, ba\u00f1o , portal en buen estado con ascensor . Zona\u00a0 c\u00e9ntrica de Santander aproximadamente 10 minutos andando\u00a0 del ayuntamiento y de la zona mas comercial de la ciudad ,tambi\u00e9n cerca del hospital Marques de Valdecilla . 3\u00ba planta.<\/p>\n                <\/div>\n                <div class=\"es-property-wishlist\">\n\t\t                            <\/div>\n            <\/div>\n\n\n            <div class=\"es-bottom-info\">\n\n                                    <div class=\"es-bottom-icon-cols\">\n                                                                             <span class=\"es-bottom-icon\"><i class=\"es-icon es-bed\" aria-hidden=\"true\"><\/i> 2 \u0441uartos<\/span>                                                                            <span class=\"es-bottom-icon\"><i class=\"es-icon es-bath\" aria-hidden=\"true\"><\/i> 1 ba\u00f1o<\/span>                                            <\/div>\n                \n                                    <div class=\"es-bottom-icon-list\">\n                                                                            <span class=\"es-bottom-icon\"><i class=\"es-icon es-bed\" aria-hidden=\"true\"><\/i> 2 \u0441uartos<\/span>                                                                            <span class=\"es-bottom-icon\"><i class=\"es-icon es-bath\" aria-hidden=\"true\"><\/i> 1 ba\u00f1o<\/span>                                            <\/div>\n                \n                <div class=\"es-details-wrap es-details-no-padding\">\n                    <div class=\"es-details-flex\">\n                                                    <div class=\"es-map-link-wrap\">\n                                <a href=\"#\" class=\"es-map-view-link es-hover-show\" data-longitude=\"-3.8168815\"\n                                   data-latitude=\"43.4598123\">Ver en mapa<\/a>\n                            <\/div>\n                                                <span class=\"es-read-wrap\">\n                            <a href=\"https:\/\/felixconcha.com\/web\/index.php\/propiedad\/venta-piso-5\/\" class=\"es-button es-button-orange es-hover-show es-read\">Detalles<\/a>\n                        <\/span>\n                    <\/div>\n                <\/div>\n            <\/div>\n        <\/div>\n\n    <\/div>\n<\/div>\n                            \n<div id=\"post-4219\" class=\"post-4219 properties type-properties status-publish has-post-thumbnail hentry\">\n    <div class=\"es-property-inner\">\n        <div class=\"es-property-thumbnail\">\n            <div class=\"es-thumbnail\">\n                <a href=\"https:\/\/felixconcha.com\/web\/index.php\/propiedad\/4219\/\">\n                                            <img width=\"536\" height=\"370\" src=\"https:\/\/felixconcha.com\/web\/wp-content\/uploads\/2025\/07\/IMG_20250715_200559-536x370.jpg\" class=\"attachment-es-image-size-archive size-es-image-size-archive\" alt=\"\" loading=\"lazy\" \/>                    \n                                            <ul class=\"es-property-label-wrap\">\n                                                                                                                                                                                                                        <li class=\"es-property-label es-property-label-vendido\"\n                                        style=\"color:#c40808\">Vendido<\/li><br>\n                                                                                    <\/ul>\n                                                                <div class=\"es-thumbnail-bottom\">9<\/div>\n                                    <\/a>\n            <\/div>\n        <\/div>\n\n        <div class=\"es-property-info\">\n\n            <div class=\"es-row-view\">\n                <h2>\n                    <a href=\"https:\/\/felixconcha.com\/web\/index.php\/propiedad\/4219\/\">San Martin de Toranzo, Espa\u00f1a<\/a>\n                    <span class=\"es-price\">75.000,00 \u20ac<\/span>                <\/h2>\n            <\/div>\n\n            <div class=\"es-col-view\">\n                <h2>\n                    <a class=\"es-property-link\" href=\"https:\/\/felixconcha.com\/web\/index.php\/propiedad\/4219\/\">San Martin de Toranzo, Espa\u00f1a<\/a>\n\t                                <\/h2>\n\t            <span class=\"es-price\">75.000,00 \u20ac<\/span>            <\/div>\n\n\t        \n            <div class=\"es-property-content\">\n                <div class=\"es-property-excerpt\">\n\t\t            <p class=\"excerpt\">Estupenda casa pareada de 81 m2 con una parcela de 100 M2 ,dispone de cocina ,sal\u00f3n -comedor,2 habitaciones ,ba\u00f1o .Tiene\u00a0 posibilidades de ampliaci\u00f3n. Situada en San Martin de Toranzo ,pueblo de Cantabria 2025 .Sitio con un paisaje espectacular de naturaleza ,parques ,sendas\u00a0 \u00fanicas de los Valles Pasiegos\u00a0 y del valle Toranzo.<\/p>\n                <\/div>\n                <div class=\"es-property-wishlist\">\n\t\t                            <\/div>\n            <\/div>\n\n\n            <div class=\"es-bottom-info\">\n\n                                    <div class=\"es-bottom-icon-cols\">\n                                                                             <span class=\"es-bottom-icon\"><i class=\"es-icon es-bed\" aria-hidden=\"true\"><\/i> 2 \u0441uartos<\/span>                                                                            <span class=\"es-bottom-icon\"><i class=\"es-icon es-bath\" aria-hidden=\"true\"><\/i> 1 ba\u00f1o<\/span>                                            <\/div>\n                \n                                    <div class=\"es-bottom-icon-list\">\n                                                                            <span class=\"es-bottom-icon\"><i class=\"es-icon es-bed\" aria-hidden=\"true\"><\/i> 2 \u0441uartos<\/span>                                                                            <span class=\"es-bottom-icon\"><i class=\"es-icon es-bath\" aria-hidden=\"true\"><\/i> 1 ba\u00f1o<\/span>                                            <\/div>\n                \n                <div class=\"es-details-wrap es-details-no-padding\">\n                    <div class=\"es-details-flex\">\n                                                    <div class=\"es-map-link-wrap\">\n                                <a href=\"#\" class=\"es-map-view-link es-hover-show\" data-longitude=\"-3.9315471\"\n                                   data-latitude=\"43.2213022\">Ver en mapa<\/a>\n                            <\/div>\n                                                <span class=\"es-read-wrap\">\n                            <a href=\"https:\/\/felixconcha.com\/web\/index.php\/propiedad\/4219\/\" class=\"es-button es-button-orange es-hover-show es-read\">Detalles<\/a>\n                        <\/span>\n                    <\/div>\n                <\/div>\n            <\/div>\n        <\/div>\n\n    <\/div>\n<\/div>\n                            \n<div id=\"post-4199\" class=\"post-4199 properties type-properties status-publish has-post-thumbnail hentry\">\n    <div class=\"es-property-inner\">\n        <div class=\"es-property-thumbnail\">\n            <div class=\"es-thumbnail\">\n                <a href=\"https:\/\/felixconcha.com\/web\/index.php\/propiedad\/4199\/\">\n                                            <img width=\"536\" height=\"370\" src=\"https:\/\/felixconcha.com\/web\/wp-content\/uploads\/2025\/05\/Screenshot_2025-05-19-19-56-54-527_com.miui_.gallery-edit-536x370.jpg\" class=\"attachment-es-image-size-archive size-es-image-size-archive\" alt=\"\" loading=\"lazy\" \/>                    \n                                            <ul class=\"es-property-label-wrap\">\n                                                                                                                                                                                                                                        <\/ul>\n                                                                <div class=\"es-thumbnail-bottom\">13<\/div>\n                                    <\/a>\n            <\/div>\n        <\/div>\n\n        <div class=\"es-property-info\">\n\n            <div class=\"es-row-view\">\n                <h2>\n                    <a href=\"https:\/\/felixconcha.com\/web\/index.php\/propiedad\/4199\/\">Santa Mar\u00eda de Cay\u00f3n, Espa\u00f1a<\/a>\n                    <span class=\"es-price\">275.000,00 \u20ac<\/span>                <\/h2>\n            <\/div>\n\n            <div class=\"es-col-view\">\n                <h2>\n                    <a class=\"es-property-link\" href=\"https:\/\/felixconcha.com\/web\/index.php\/propiedad\/4199\/\">Santa Mar\u00eda de Cay\u00f3n, Espa\u00f1a<\/a>\n\t                                <\/h2>\n\t            <span class=\"es-price\">275.000,00 \u20ac<\/span>            <\/div>\n\n\t        \n            <div class=\"es-property-content\">\n                <div class=\"es-property-excerpt\">\n\t\t            <p class=\"excerpt\">Coqueto chalet adosado estilo monta\u00f1\u00e9s de 129 m2 .Dispone de amplia cocina , sal\u00f3n -comedor, 3 habitaciones\u00a0 (la principal con ba\u00f1o y vestidor), 2 ba\u00f1os y un aseo .Plaza de garaje exterior cubierta .Terraza con barbacoa y Jacuzzi .Zona tranquila con servicios cerca y aproximadamente 20 minutos de Santander ,Torrelavega y playas<\/p>\n                <\/div>\n                <div class=\"es-property-wishlist\">\n\t\t                            <\/div>\n            <\/div>\n\n\n            <div class=\"es-bottom-info\">\n\n                                    <div class=\"es-bottom-icon-cols\">\n                                                                                                    <span class=\"es-bottom-icon\"><i class=\"es-icon es-bath\" aria-hidden=\"true\"><\/i> 3 ba\u00f1os<\/span>                                            <\/div>\n                \n                                    <div class=\"es-bottom-icon-list\">\n                                                                                                    <span class=\"es-bottom-icon\"><i class=\"es-icon es-bath\" aria-hidden=\"true\"><\/i> 3 ba\u00f1os<\/span>                                            <\/div>\n                \n                <div class=\"es-details-wrap es-details-no-padding\">\n                    <div class=\"es-details-flex\">\n                                                    <div class=\"es-map-link-wrap\">\n                                <a href=\"#\" class=\"es-map-view-link es-hover-show\" data-longitude=\"-3.853442199999999\"\n                                   data-latitude=\"43.3099809\">Ver en mapa<\/a>\n                            <\/div>\n                                                <span class=\"es-read-wrap\">\n                            <a href=\"https:\/\/felixconcha.com\/web\/index.php\/propiedad\/4199\/\" class=\"es-button es-button-orange es-hover-show es-read\">Detalles<\/a>\n                        <\/span>\n                    <\/div>\n                <\/div>\n            <\/div>\n        <\/div>\n\n    <\/div>\n<\/div>\n                            \n<div id=\"post-4151\" class=\"post-4151 properties type-properties status-publish has-post-thumbnail hentry\">\n    <div class=\"es-property-inner\">\n        <div class=\"es-property-thumbnail\">\n            <div class=\"es-thumbnail\">\n                <a href=\"https:\/\/felixconcha.com\/web\/index.php\/propiedad\/venta-terreno-10\/\">\n                                            <img width=\"536\" height=\"370\" src=\"https:\/\/felixconcha.com\/web\/wp-content\/uploads\/2025\/05\/Screenshot_2025-05-11-01-23-06-385_com.google.android.apps_.photos-edit-536x370.jpg\" class=\"attachment-es-image-size-archive size-es-image-size-archive\" alt=\"\" loading=\"lazy\" \/>                    \n                                            <ul class=\"es-property-label-wrap\">\n                                                                                                                                                            <li class=\"es-property-label es-property-label-reservado\"\n                                        style=\"color:#00cbf0\">Reservado<\/li><br>\n                                                                                                                                                <\/ul>\n                                                                <div class=\"es-thumbnail-bottom\">7<\/div>\n                                    <\/a>\n            <\/div>\n        <\/div>\n\n        <div class=\"es-property-info\">\n\n            <div class=\"es-row-view\">\n                <h2>\n                    <a href=\"https:\/\/felixconcha.com\/web\/index.php\/propiedad\/venta-terreno-10\/\">Selaya, Espa\u00f1a<\/a>\n                    <span class=\"es-price\">65.000,00 \u20ac<\/span>                <\/h2>\n            <\/div>\n\n            <div class=\"es-col-view\">\n                <h2>\n                    <a class=\"es-property-link\" href=\"https:\/\/felixconcha.com\/web\/index.php\/propiedad\/venta-terreno-10\/\">Selaya, Espa\u00f1a<\/a>\n\t                                <\/h2>\n\t            <span class=\"es-price\">65.000,00 \u20ac<\/span>            <\/div>\n\n\t        \n            <div class=\"es-property-content\">\n                <div class=\"es-property-excerpt\">\n\t\t            <p class=\"excerpt\">Fant\u00e1stica parcela de 2751 m2 r\u00fastica ordinaria . Urbanizable mediante tramitaci\u00f3n C.R.O.T.U. Se puede construir el 10%de la superficie del terreno en una vivienda unifamiliar . Suministros cerca de la parcela al estar pegada al casco urbano. Buen acceso y Orientaci\u00f3n .En el entorno de los Valles Pasiegos con sus espectaculares paisajes y tranquilidad .Aproximadamente a 35 minutos de Santander\u00a0 y de las playas<\/p>\n                <\/div>\n                <div class=\"es-property-wishlist\">\n\t\t                            <\/div>\n            <\/div>\n\n\n            <div class=\"es-bottom-info\">\n\n                \n                \n                <div class=\"es-details-wrap \">\n                    <div class=\"es-details-flex\">\n                                                    <div class=\"es-map-link-wrap\">\n                                <a href=\"#\" class=\"es-map-view-link es-hover-show\" data-longitude=\"-3.8076609\"\n                                   data-latitude=\"43.2173647\">Ver en mapa<\/a>\n                            <\/div>\n                                                <span class=\"es-read-wrap\">\n                            <a href=\"https:\/\/felixconcha.com\/web\/index.php\/propiedad\/venta-terreno-10\/\" class=\"es-button es-button-orange es-hover-show es-read\">Detalles<\/a>\n                        <\/span>\n                    <\/div>\n                <\/div>\n            <\/div>\n        <\/div>\n\n    <\/div>\n<\/div>\n                            \n<div id=\"post-4178\" class=\"post-4178 properties type-properties status-publish has-post-thumbnail hentry\">\n    <div class=\"es-property-inner\">\n        <div class=\"es-property-thumbnail\">\n            <div class=\"es-thumbnail\">\n                <a href=\"https:\/\/felixconcha.com\/web\/index.php\/propiedad\/venta-de-parcela-12\/\">\n                                            <img width=\"536\" height=\"370\" src=\"https:\/\/felixconcha.com\/web\/wp-content\/uploads\/2025\/04\/Screenshot_2025-04-23-01-03-14-529_com.google.android.apps_.maps-edit-536x370.jpg\" class=\"attachment-es-image-size-archive size-es-image-size-archive\" alt=\"\" loading=\"lazy\" \/>                    \n                                            <ul class=\"es-property-label-wrap\">\n                                                                                                                                                                                                                        <li class=\"es-property-label es-property-label-vendido\"\n                                        style=\"color:#c40808\">Vendido<\/li><br>\n                                                                                    <\/ul>\n                                                                <div class=\"es-thumbnail-bottom\">4<\/div>\n                                    <\/a>\n            <\/div>\n        <\/div>\n\n        <div class=\"es-property-info\">\n\n            <div class=\"es-row-view\">\n                <h2>\n                    <a href=\"https:\/\/felixconcha.com\/web\/index.php\/propiedad\/venta-de-parcela-12\/\">Obregon (Villaescusa), Obreg\u00f3n, Espa\u00f1a<\/a>\n                    <span class=\"es-price\">59.000,00 \u20ac<\/span>                <\/h2>\n            <\/div>\n\n            <div class=\"es-col-view\">\n                <h2>\n                    <a class=\"es-property-link\" href=\"https:\/\/felixconcha.com\/web\/index.php\/propiedad\/venta-de-parcela-12\/\">Obregon (Villaescusa), Obreg\u00f3n, Espa\u00f1a<\/a>\n\t                                <\/h2>\n\t            <span class=\"es-price\">59.000,00 \u20ac<\/span>            <\/div>\n\n\t        \n            <div class=\"es-property-content\">\n                <div class=\"es-property-excerpt\">\n\t\t            <p class=\"excerpt\">Magnifica parcela de 2315 m2 r\u00fastica ordinaria . Urbanizable mediante tramitaci\u00f3n C.R.O.T.U. Se puede construir el 10%de la superficie del terreno en una vivienda unifamiliar . Suministros cerca de la parcela al estar pegada al casco urbano. Buen acceso y Orientaci\u00f3n .En el entorno de Cabarceno\u00a0 con un bonito paisaje .Aproximadamente a 15 minutos de Santander\u00a0 y de las playas .<\/p>\n                <\/div>\n                <div class=\"es-property-wishlist\">\n\t\t                            <\/div>\n            <\/div>\n\n\n            <div class=\"es-bottom-info\">\n\n                \n                \n                <div class=\"es-details-wrap \">\n                    <div class=\"es-details-flex\">\n                                                    <div class=\"es-map-link-wrap\">\n                                <a href=\"#\" class=\"es-map-view-link es-hover-show\" data-longitude=\"-3.861449100000002\"\n                                   data-latitude=\"43.3458042\">Ver en mapa<\/a>\n                            <\/div>\n                                                <span class=\"es-read-wrap\">\n                            <a href=\"https:\/\/felixconcha.com\/web\/index.php\/propiedad\/venta-de-parcela-12\/\" class=\"es-button es-button-orange es-hover-show es-read\">Detalles<\/a>\n                        <\/span>\n                    <\/div>\n                <\/div>\n            <\/div>\n        <\/div>\n\n    <\/div>\n<\/div>\n                            \n<div id=\"post-4152\" class=\"post-4152 properties type-properties status-publish has-post-thumbnail hentry\">\n    <div class=\"es-property-inner\">\n        <div class=\"es-property-thumbnail\">\n            <div class=\"es-thumbnail\">\n                <a href=\"https:\/\/felixconcha.com\/web\/index.php\/propiedad\/venta-terreno-9\/\">\n                                            <img width=\"536\" height=\"370\" src=\"https:\/\/felixconcha.com\/web\/wp-content\/uploads\/2025\/04\/Screenshot_2025-04-18-17-01-02-493_com.miui_.gallery-edit-536x370.jpg\" class=\"attachment-es-image-size-archive size-es-image-size-archive\" alt=\"\" loading=\"lazy\" \/>                    \n                                            <ul class=\"es-property-label-wrap\">\n                                                                                                                                                                                                                        <li class=\"es-property-label es-property-label-vendido\"\n                                        style=\"color:#c40808\">Vendido<\/li><br>\n                                                                                    <\/ul>\n                                                                <div class=\"es-thumbnail-bottom\">6<\/div>\n                                    <\/a>\n            <\/div>\n        <\/div>\n\n        <div class=\"es-property-info\">\n\n            <div class=\"es-row-view\">\n                <h2>\n                    <a href=\"https:\/\/felixconcha.com\/web\/index.php\/propiedad\/venta-terreno-9\/\">Barrio Argomeda, Villafufre, Espa\u00f1a<\/a>\n                    <span class=\"es-price\">26.000,00 \u20ac<\/span>                <\/h2>\n            <\/div>\n\n            <div class=\"es-col-view\">\n                <h2>\n                    <a class=\"es-property-link\" href=\"https:\/\/felixconcha.com\/web\/index.php\/propiedad\/venta-terreno-9\/\">Barrio Argomeda, Villafufre, Espa\u00f1a<\/a>\n\t                                <\/h2>\n\t            <span class=\"es-price\">26.000,00 \u20ac<\/span>            <\/div>\n\n\t        \n            <div class=\"es-property-content\">\n                <div class=\"es-property-excerpt\">\n\t\t            <p class=\"excerpt\">Fant\u00e1stica parcela de 1016 m2 r\u00fastica ordinaria . Urbanizable mediante tramitaci\u00f3n C.R.O.T.U. se puede construir el 10% de la superficie del terreno. Se puede construir vivienda unifamiliar .Tiene vistas despejadas y zona tranquila. Suministros cerca de la parcela al estar pegada al casco urbano. Buen acceso y Orientaci\u00f3n .<\/p>\n                <\/div>\n                <div class=\"es-property-wishlist\">\n\t\t                            <\/div>\n            <\/div>\n\n\n            <div class=\"es-bottom-info\">\n\n                \n                \n                <div class=\"es-details-wrap \">\n                    <div class=\"es-details-flex\">\n                                                    <div class=\"es-map-link-wrap\">\n                                <a href=\"#\" class=\"es-map-view-link es-hover-show\" data-longitude=\"-3.9157621\"\n                                   data-latitude=\"43.2650179\">Ver en mapa<\/a>\n                            <\/div>\n                                                <span class=\"es-read-wrap\">\n                            <a href=\"https:\/\/felixconcha.com\/web\/index.php\/propiedad\/venta-terreno-9\/\" class=\"es-button es-button-orange es-hover-show es-read\">Detalles<\/a>\n                        <\/span>\n                    <\/div>\n                <\/div>\n            <\/div>\n        <\/div>\n\n    <\/div>\n<\/div>\n                            \n<div id=\"post-4138\" class=\"post-4138 properties type-properties status-publish has-post-thumbnail hentry\">\n    <div class=\"es-property-inner\">\n        <div class=\"es-property-thumbnail\">\n            <div class=\"es-thumbnail\">\n                <a href=\"https:\/\/felixconcha.com\/web\/index.php\/propiedad\/venta-de-cabana-13\/\">\n                                            <img width=\"536\" height=\"370\" src=\"https:\/\/felixconcha.com\/web\/wp-content\/uploads\/2025\/04\/Screenshot_2025-04-17-11-21-20-874_com.miui_.gallery-edit-536x370.jpg\" class=\"attachment-es-image-size-archive size-es-image-size-archive\" alt=\"\" loading=\"lazy\" \/>                    \n                                            <ul class=\"es-property-label-wrap\">\n                                                                                                                                                                                                                                        <\/ul>\n                                                                <div class=\"es-thumbnail-bottom\">6<\/div>\n                                    <\/a>\n            <\/div>\n        <\/div>\n\n        <div class=\"es-property-info\">\n\n            <div class=\"es-row-view\">\n                <h2>\n                    <a href=\"https:\/\/felixconcha.com\/web\/index.php\/propiedad\/venta-de-cabana-13\/\">Alceda, Espa\u00f1a<\/a>\n                    <span class=\"es-price\">18.000,00 \u20ac<\/span>                <\/h2>\n            <\/div>\n\n            <div class=\"es-col-view\">\n                <h2>\n                    <a class=\"es-property-link\" href=\"https:\/\/felixconcha.com\/web\/index.php\/propiedad\/venta-de-cabana-13\/\">Alceda, Espa\u00f1a<\/a>\n\t                                <\/h2>\n\t            <span class=\"es-price\">18.000,00 \u20ac<\/span>            <\/div>\n\n\t        \n            <div class=\"es-property-content\">\n                <div class=\"es-property-excerpt\">\n\t\t            <p class=\"excerpt\">Estupenda caba\u00f1a de 96 M2 que est\u00e1 enclavada en una parcela de 6258 M2.Tiene acceso por carretera asfaltada hasta la misma finca.Tiene agua de manantial ,no tiene luz.Zona muy tranquila con vistas despejadas<\/p>\n                <\/div>\n                <div class=\"es-property-wishlist\">\n\t\t                            <\/div>\n            <\/div>\n\n\n            <div class=\"es-bottom-info\">\n\n                \n                \n                <div class=\"es-details-wrap \">\n                    <div class=\"es-details-flex\">\n                                                    <div class=\"es-map-link-wrap\">\n                                <a href=\"#\" class=\"es-map-view-link es-hover-show\" data-longitude=\"-3.9177323\"\n                                   data-latitude=\"43.1961351\">Ver en mapa<\/a>\n                            <\/div>\n                                                <span class=\"es-read-wrap\">\n                            <a href=\"https:\/\/felixconcha.com\/web\/index.php\/propiedad\/venta-de-cabana-13\/\" class=\"es-button es-button-orange es-hover-show es-read\">Detalles<\/a>\n                        <\/span>\n                    <\/div>\n                <\/div>\n            <\/div>\n        <\/div>\n\n    <\/div>\n<\/div>\n                            \n<div id=\"post-4114\" class=\"post-4114 properties type-properties status-publish has-post-thumbnail hentry\">\n    <div class=\"es-property-inner\">\n        <div class=\"es-property-thumbnail\">\n            <div class=\"es-thumbnail\">\n                <a href=\"https:\/\/felixconcha.com\/web\/index.php\/propiedad\/cabana-de-piedra\/\">\n                                            <img width=\"536\" height=\"370\" src=\"https:\/\/felixconcha.com\/web\/wp-content\/uploads\/2025\/04\/Screenshot_2025-04-16-01-34-24-759_com.miui_.gallery-edit-536x370.jpg\" class=\"attachment-es-image-size-archive size-es-image-size-archive\" alt=\"\" loading=\"lazy\" \/>                    \n                                            <ul class=\"es-property-label-wrap\">\n                                                                                                                                                                                                                        <li class=\"es-property-label es-property-label-vendido\"\n                                        style=\"color:#c40808\">Vendido<\/li><br>\n                                                                                    <\/ul>\n                                                                <div class=\"es-thumbnail-bottom\">20<\/div>\n                                    <\/a>\n            <\/div>\n        <\/div>\n\n        <div class=\"es-property-info\">\n\n            <div class=\"es-row-view\">\n                <h2>\n                    <a href=\"https:\/\/felixconcha.com\/web\/index.php\/propiedad\/cabana-de-piedra\/\">Barrio Bustantegua, Selaya, Espa\u00f1a<\/a>\n                    <span class=\"es-price\">160.000,00 \u20ac<\/span>                <\/h2>\n            <\/div>\n\n            <div class=\"es-col-view\">\n                <h2>\n                    <a class=\"es-property-link\" href=\"https:\/\/felixconcha.com\/web\/index.php\/propiedad\/cabana-de-piedra\/\">Barrio Bustantegua, Selaya, Espa\u00f1a<\/a>\n\t                                <\/h2>\n\t            <span class=\"es-price\">160.000,00 \u20ac<\/span>            <\/div>\n\n\t        \n            <div class=\"es-property-content\">\n                <div class=\"es-property-excerpt\">\n\t\t            <p class=\"excerpt\">Fant\u00e1stica casa de piedra pareada de 177 m2 enclavada en una parcela de 8950 m2 .La vivienda dispone de cocina-americana con un amplio sal\u00f3n,3 habitaciones, 1 aseo ,1 ba\u00f1o, garaje .Orientada al sur con bonitas vistas despejadas a las monta\u00f1as mas altas de los Valles Pasiegos .Esta en muy buen estado . La calefacci\u00f3n de gasoil\u00a0 y el agua de manantial externo .Aproximadamente 45 minutos de Santander y playas. La zona mas cercana con servicios es Selaya a 10 minutos coche. Espectaculares vistas y tranquilidad.<\/p>\n                <\/div>\n                <div class=\"es-property-wishlist\">\n\t\t                            <\/div>\n            <\/div>\n\n\n            <div class=\"es-bottom-info\">\n\n                                    <div class=\"es-bottom-icon-cols\">\n                                                                             <span class=\"es-bottom-icon\"><i class=\"es-icon es-bed\" aria-hidden=\"true\"><\/i> 3 \u0441uartos<\/span>                                                                            <span class=\"es-bottom-icon\"><i class=\"es-icon es-bath\" aria-hidden=\"true\"><\/i> 2 ba\u00f1os<\/span>                                            <\/div>\n                \n                                    <div class=\"es-bottom-icon-list\">\n                                                                            <span class=\"es-bottom-icon\"><i class=\"es-icon es-bed\" aria-hidden=\"true\"><\/i> 3 \u0441uartos<\/span>                                                                            <span class=\"es-bottom-icon\"><i class=\"es-icon es-bath\" aria-hidden=\"true\"><\/i> 2 ba\u00f1os<\/span>                                            <\/div>\n                \n                <div class=\"es-details-wrap es-details-no-padding\">\n                    <div class=\"es-details-flex\">\n                                                    <div class=\"es-map-link-wrap\">\n                                <a href=\"#\" class=\"es-map-view-link es-hover-show\" data-longitude=\"-3.7577071\"\n                                   data-latitude=\"43.2153036\">Ver en mapa<\/a>\n                            <\/div>\n                                                <span class=\"es-read-wrap\">\n                            <a href=\"https:\/\/felixconcha.com\/web\/index.php\/propiedad\/cabana-de-piedra\/\" class=\"es-button es-button-orange es-hover-show es-read\">Detalles<\/a>\n                        <\/span>\n                    <\/div>\n                <\/div>\n            <\/div>\n        <\/div>\n\n    <\/div>\n<\/div>\n                            \n<div id=\"post-4082\" class=\"post-4082 properties type-properties status-publish has-post-thumbnail hentry es_type-terreno\">\n    <div class=\"es-property-inner\">\n        <div class=\"es-property-thumbnail\">\n            <div class=\"es-thumbnail\">\n                <a href=\"https:\/\/felixconcha.com\/web\/index.php\/propiedad\/venta-de-terreno-47\/\">\n                                            <img width=\"536\" height=\"370\" src=\"https:\/\/felixconcha.com\/web\/wp-content\/uploads\/2021\/03\/file.php_-8-536x370.jpeg\" class=\"attachment-es-image-size-archive size-es-image-size-archive\" alt=\"\" loading=\"lazy\" \/>                    \n                                            <ul class=\"es-property-label-wrap\">\n                                                                                                                                                                                                                        <li class=\"es-property-label es-property-label-vendido\"\n                                        style=\"color:#c40808\">Vendido<\/li><br>\n                                                                                    <\/ul>\n                                                                <div class=\"es-thumbnail-bottom\">1<\/div>\n                                    <\/a>\n            <\/div>\n        <\/div>\n\n        <div class=\"es-property-info\">\n\n            <div class=\"es-row-view\">\n                <h2>\n                    <a href=\"https:\/\/felixconcha.com\/web\/index.php\/propiedad\/venta-de-terreno-47\/\">Santib\u00e1\u00f1ez de Carriedo, Espa\u00f1a<\/a>\n                    <span class=\"es-price\">35.000,00 \u20ac<\/span>                <\/h2>\n            <\/div>\n\n            <div class=\"es-col-view\">\n                <h2>\n                    <a class=\"es-property-link\" href=\"https:\/\/felixconcha.com\/web\/index.php\/propiedad\/venta-de-terreno-47\/\">Santib\u00e1\u00f1ez de Carriedo, Espa\u00f1a<\/a>\n\t                                <\/h2>\n\t            <span class=\"es-price\">35.000,00 \u20ac<\/span>            <\/div>\n\n\t        \n            <div class=\"es-property-content\">\n                <div class=\"es-property-excerpt\">\n\t\t            <p class=\"excerpt\">\u00a0Fant\u00e1stico\u00a0 terreno urbano de 1273 m2 totalmente llano en el centro del pueblo ,con los suministros a pie de parcela .Aproximadamente a 30 minutos de Santander y de las playas. Situado en plenos Valles Pasiegos con las espectaculares vistas verdes y su tranquilidad.<\/p>\n                <\/div>\n                <div class=\"es-property-wishlist\">\n\t\t                            <\/div>\n            <\/div>\n\n\n            <div class=\"es-bottom-info\">\n\n                \n                \n                <div class=\"es-details-wrap \">\n                    <div class=\"es-details-flex\">\n                                                    <div class=\"es-map-link-wrap\">\n                                <a href=\"#\" class=\"es-map-view-link es-hover-show\" data-longitude=\"-3.8467632\"\n                                   data-latitude=\"43.2368953\">Ver en mapa<\/a>\n                            <\/div>\n                                                <span class=\"es-read-wrap\">\n                            <a href=\"https:\/\/felixconcha.com\/web\/index.php\/propiedad\/venta-de-terreno-47\/\" class=\"es-button es-button-orange es-hover-show es-read\">Detalles<\/a>\n                        <\/span>\n                    <\/div>\n                <\/div>\n            <\/div>\n        <\/div>\n\n    <\/div>\n<\/div>\n                            \n<div id=\"post-4062\" class=\"post-4062 properties type-properties status-publish has-post-thumbnail hentry\">\n    <div class=\"es-property-inner\">\n        <div class=\"es-property-thumbnail\">\n            <div class=\"es-thumbnail\">\n                <a href=\"https:\/\/felixconcha.com\/web\/index.php\/propiedad\/venta-casa-adosada\/\">\n                                            <img width=\"536\" height=\"370\" src=\"https:\/\/felixconcha.com\/web\/wp-content\/uploads\/2025\/02\/IMG_20250218_122005-536x370.jpg\" class=\"attachment-es-image-size-archive size-es-image-size-archive\" alt=\"\" loading=\"lazy\" \/>                    \n                                            <ul class=\"es-property-label-wrap\">\n                                                                                                                                                                                                                        <li class=\"es-property-label es-property-label-vendido\"\n                                        style=\"color:#c40808\">Vendido<\/li><br>\n                                                                                    <\/ul>\n                                                                <div class=\"es-thumbnail-bottom\">16<\/div>\n                                    <\/a>\n            <\/div>\n        <\/div>\n\n        <div class=\"es-property-info\">\n\n            <div class=\"es-row-view\">\n                <h2>\n                    <a href=\"https:\/\/felixconcha.com\/web\/index.php\/propiedad\/venta-casa-adosada\/\">Barrio las Ventas, Santa Mar\u00eda de Cay\u00f3n, Espa\u00f1a<\/a>\n                    <span class=\"es-price\">85.000,00 \u20ac<\/span>                <\/h2>\n            <\/div>\n\n            <div class=\"es-col-view\">\n                <h2>\n                    <a class=\"es-property-link\" href=\"https:\/\/felixconcha.com\/web\/index.php\/propiedad\/venta-casa-adosada\/\">Barrio las Ventas, Santa Mar\u00eda de Cay\u00f3n, Espa\u00f1a<\/a>\n\t                                <\/h2>\n\t            <span class=\"es-price\">85.000,00 \u20ac<\/span>            <\/div>\n\n\t        \n            <div class=\"es-property-content\">\n                <div class=\"es-property-excerpt\">\n\t\t            <p class=\"excerpt\">Estupenda casa adosada de piedra enclavada en una parcela de 394 m2\u00a0 .Tiene\u00a0 una superficie construida de 199 m2 repartidos en 85 m2 de vivienda y 114 de almacenes .La vivienda dispone de cocina, ba\u00f1o ,3 habitaciones ,sal\u00f3n y balc\u00f3n. Necesita\u00a0 reforma aunque se puede vivir . Zona muy tranquila. A 25 minutos de Santander y 15 de Torrelavega aproximadamente.<\/p>\n                <\/div>\n                <div class=\"es-property-wishlist\">\n\t\t                            <\/div>\n            <\/div>\n\n\n            <div class=\"es-bottom-info\">\n\n                                    <div class=\"es-bottom-icon-cols\">\n                                                                             <span class=\"es-bottom-icon\"><i class=\"es-icon es-bed\" aria-hidden=\"true\"><\/i> 3 \u0441uartos<\/span>                                                                            <span class=\"es-bottom-icon\"><i class=\"es-icon es-bath\" aria-hidden=\"true\"><\/i> 1 ba\u00f1o<\/span>                                            <\/div>\n                \n                                    <div class=\"es-bottom-icon-list\">\n                                                                            <span class=\"es-bottom-icon\"><i class=\"es-icon es-bed\" aria-hidden=\"true\"><\/i> 3 \u0441uartos<\/span>                                                                            <span class=\"es-bottom-icon\"><i class=\"es-icon es-bath\" aria-hidden=\"true\"><\/i> 1 ba\u00f1o<\/span>                                            <\/div>\n                \n                <div class=\"es-details-wrap es-details-no-padding\">\n                    <div class=\"es-details-flex\">\n                                                    <div class=\"es-map-link-wrap\">\n                                <a href=\"#\" class=\"es-map-view-link es-hover-show\" data-longitude=\"-3.8987389\"\n                                   data-latitude=\"43.3067094\">Ver en mapa<\/a>\n                            <\/div>\n                                                <span class=\"es-read-wrap\">\n                            <a href=\"https:\/\/felixconcha.com\/web\/index.php\/propiedad\/venta-casa-adosada\/\" class=\"es-button es-button-orange es-hover-show es-read\">Detalles<\/a>\n                        <\/span>\n                    <\/div>\n                <\/div>\n            <\/div>\n        <\/div>\n\n    <\/div>\n<\/div>\n                            \n<div id=\"post-4034\" class=\"post-4034 properties type-properties status-publish has-post-thumbnail hentry\">\n    <div class=\"es-property-inner\">\n        <div class=\"es-property-thumbnail\">\n            <div class=\"es-thumbnail\">\n                <a href=\"https:\/\/felixconcha.com\/web\/index.php\/propiedad\/venta-de-casa-59\/\">\n                                            <img width=\"536\" height=\"370\" src=\"https:\/\/felixconcha.com\/web\/wp-content\/uploads\/2025\/02\/IMG_20250220_163700-536x370.jpg\" class=\"attachment-es-image-size-archive size-es-image-size-archive\" alt=\"\" loading=\"lazy\" \/>                    \n                                            <ul class=\"es-property-label-wrap\">\n                                                                                                                                                                                                                        <li class=\"es-property-label es-property-label-vendido\"\n                                        style=\"color:#c40808\">Vendido<\/li><br>\n                                                                                    <\/ul>\n                                                                <div class=\"es-thumbnail-bottom\">26<\/div>\n                                    <\/a>\n            <\/div>\n        <\/div>\n\n        <div class=\"es-property-info\">\n\n            <div class=\"es-row-view\">\n                <h2>\n                    <a href=\"https:\/\/felixconcha.com\/web\/index.php\/propiedad\/venta-de-casa-59\/\">Barrio Escobedo, Villafufre, Espa\u00f1a<\/a>\n                    <span class=\"es-price\">390.000,00 \u20ac<\/span>                <\/h2>\n            <\/div>\n\n            <div class=\"es-col-view\">\n                <h2>\n                    <a class=\"es-property-link\" href=\"https:\/\/felixconcha.com\/web\/index.php\/propiedad\/venta-de-casa-59\/\">Barrio Escobedo, Villafufre, Espa\u00f1a<\/a>\n\t                                <\/h2>\n\t            <span class=\"es-price\">390.000,00 \u20ac<\/span>            <\/div>\n\n\t        \n            <div class=\"es-property-content\">\n                <div class=\"es-property-excerpt\">\n\t\t            <p class=\"excerpt\">Espectacular casa de 173 m2 construidos con una parcela de 1698 m2. Distribuida en dos plantas, la planta baja dispone de cocina, ba\u00f1o, sal\u00f3n-comedor con chimenea de pellets, porche y garaje cerrado 20 m2 , primera planta 2 habitaciones con ba\u00f1o cada una y la principal con vestidor. Jard\u00edn con mucho encanto que rodea toda la casa que te permite disfrutar de un ambiente de naturaleza privilegiado.<\/p>\n                <\/div>\n                <div class=\"es-property-wishlist\">\n\t\t                            <\/div>\n            <\/div>\n\n\n            <div class=\"es-bottom-info\">\n\n                                    <div class=\"es-bottom-icon-cols\">\n                                                                             <span class=\"es-bottom-icon\"><i class=\"es-icon es-bed\" aria-hidden=\"true\"><\/i> 3 \u0441uartos<\/span>                                                                            <span class=\"es-bottom-icon\"><i class=\"es-icon es-bath\" aria-hidden=\"true\"><\/i> 3 ba\u00f1os<\/span>                                            <\/div>\n                \n                                    <div class=\"es-bottom-icon-list\">\n                                                                            <span class=\"es-bottom-icon\"><i class=\"es-icon es-bed\" aria-hidden=\"true\"><\/i> 3 \u0441uartos<\/span>                                                                            <span class=\"es-bottom-icon\"><i class=\"es-icon es-bath\" aria-hidden=\"true\"><\/i> 3 ba\u00f1os<\/span>                                            <\/div>\n                \n                <div class=\"es-details-wrap es-details-no-padding\">\n                    <div class=\"es-details-flex\">\n                                                    <div class=\"es-map-link-wrap\">\n                                <a href=\"#\" class=\"es-map-view-link es-hover-show\" data-longitude=\"-3.9188927\"\n                                   data-latitude=\"43.2673231\">Ver en mapa<\/a>\n                            <\/div>\n                                                <span class=\"es-read-wrap\">\n                            <a href=\"https:\/\/felixconcha.com\/web\/index.php\/propiedad\/venta-de-casa-59\/\" class=\"es-button es-button-orange es-hover-show es-read\">Detalles<\/a>\n                        <\/span>\n                    <\/div>\n                <\/div>\n            <\/div>\n        <\/div>\n\n    <\/div>\n<\/div>\n                            \n<div id=\"post-4027\" class=\"post-4027 properties type-properties status-publish has-post-thumbnail hentry\">\n    <div class=\"es-property-inner\">\n        <div class=\"es-property-thumbnail\">\n            <div class=\"es-thumbnail\">\n                <a href=\"https:\/\/felixconcha.com\/web\/index.php\/propiedad\/venta-de-parcela-urbana\/\">\n                                            <img width=\"536\" height=\"370\" src=\"https:\/\/felixconcha.com\/web\/wp-content\/uploads\/2025\/02\/Screenshot_2025-02-19-00-24-32-053_com.android.chrome-edit-536x370.jpg\" class=\"attachment-es-image-size-archive size-es-image-size-archive\" alt=\"\" loading=\"lazy\" \/>                    \n                                            <ul class=\"es-property-label-wrap\">\n                                                                                                                                                                                                                                        <\/ul>\n                                                                <div class=\"es-thumbnail-bottom\">4<\/div>\n                                    <\/a>\n            <\/div>\n        <\/div>\n\n        <div class=\"es-property-info\">\n\n            <div class=\"es-row-view\">\n                <h2>\n                    <a href=\"https:\/\/felixconcha.com\/web\/index.php\/propiedad\/venta-de-parcela-urbana\/\">Penilla De Toranzo, Penilla, Espa\u00f1a<\/a>\n                    <span class=\"es-price\">90.000,00 \u20ac<\/span>                <\/h2>\n            <\/div>\n\n            <div class=\"es-col-view\">\n                <h2>\n                    <a class=\"es-property-link\" href=\"https:\/\/felixconcha.com\/web\/index.php\/propiedad\/venta-de-parcela-urbana\/\">Penilla De Toranzo, Penilla, Espa\u00f1a<\/a>\n\t                                <\/h2>\n\t            <span class=\"es-price\">90.000,00 \u20ac<\/span>            <\/div>\n\n\t        \n            <div class=\"es-property-content\">\n                <div class=\"es-property-excerpt\">\n\t\t            <p class=\"excerpt\">Fant\u00e1stico\u00a0 terreno urbano de 4102 M2.Tiene muchas posibilidades de uso. Para vivienda unifamiliar, urba, industrial.Todos los servicios a pie de parcela.Pidenos informaci\u00f3n sin compromiso.<\/p>\n                <\/div>\n                <div class=\"es-property-wishlist\">\n\t\t                            <\/div>\n            <\/div>\n\n\n            <div class=\"es-bottom-info\">\n\n                \n                \n                <div class=\"es-details-wrap \">\n                    <div class=\"es-details-flex\">\n                                                    <div class=\"es-map-link-wrap\">\n                                <a href=\"#\" class=\"es-map-view-link es-hover-show\" data-longitude=\"-3.9495075\"\n                                   data-latitude=\"43.2858224\">Ver en mapa<\/a>\n                            <\/div>\n                                                <span class=\"es-read-wrap\">\n                            <a href=\"https:\/\/felixconcha.com\/web\/index.php\/propiedad\/venta-de-parcela-urbana\/\" class=\"es-button es-button-orange es-hover-show es-read\">Detalles<\/a>\n                        <\/span>\n                    <\/div>\n                <\/div>\n            <\/div>\n        <\/div>\n\n    <\/div>\n<\/div>\n                            \n<div id=\"post-4009\" class=\"post-4009 properties type-properties status-publish has-post-thumbnail hentry\">\n    <div class=\"es-property-inner\">\n        <div class=\"es-property-thumbnail\">\n            <div class=\"es-thumbnail\">\n                <a href=\"https:\/\/felixconcha.com\/web\/index.php\/propiedad\/venta-de-casa-con-local-comercial\/\">\n                                            <img width=\"536\" height=\"370\" src=\"https:\/\/felixconcha.com\/web\/wp-content\/uploads\/2025\/02\/IMG_20250210_183155-536x370.jpg\" class=\"attachment-es-image-size-archive size-es-image-size-archive\" alt=\"\" loading=\"lazy\" \/>                    \n                                            <ul class=\"es-property-label-wrap\">\n                                                                                                                                                                                                                                        <\/ul>\n                                                                <div class=\"es-thumbnail-bottom\">19<\/div>\n                                    <\/a>\n            <\/div>\n        <\/div>\n\n        <div class=\"es-property-info\">\n\n            <div class=\"es-row-view\">\n                <h2>\n                    <a href=\"https:\/\/felixconcha.com\/web\/index.php\/propiedad\/venta-de-casa-con-local-comercial\/\">Sar\u00f3n, Espa\u00f1a<\/a>\n                    <span class=\"es-price\">220.000,00 \u20ac<\/span>                <\/h2>\n            <\/div>\n\n            <div class=\"es-col-view\">\n                <h2>\n                    <a class=\"es-property-link\" href=\"https:\/\/felixconcha.com\/web\/index.php\/propiedad\/venta-de-casa-con-local-comercial\/\">Sar\u00f3n, Espa\u00f1a<\/a>\n\t                                <\/h2>\n\t            <span class=\"es-price\">220.000,00 \u20ac<\/span>            <\/div>\n\n\t        \n            <div class=\"es-property-content\">\n                <div class=\"es-property-excerpt\">\n\t\t            <p class=\"excerpt\">Magnifica casa con local comercial que tiene 606 m2 en total .Repartido en 164 m2 de vivienda , local comercial\u00a0 tiene 159 m2 que se encuentra alquilado , almacenes y taller 283 m2.La vivienda dispone de cocina ,ba\u00f1o, sal\u00f3n-comedor ,4 habitaciones y amplia terraza .Ubicaci\u00f3n perfecta en el centro del pueblo de Saron que tiene todos los servicios esenciales ,propiedad con muchas posibilidades .Se podr\u00eda segregar la vivienda del local comercial.\u00a0<\/p>\n                <\/div>\n                <div class=\"es-property-wishlist\">\n\t\t                            <\/div>\n            <\/div>\n\n\n            <div class=\"es-bottom-info\">\n\n                                    <div class=\"es-bottom-icon-cols\">\n                                                                             <span class=\"es-bottom-icon\"><i class=\"es-icon es-bed\" aria-hidden=\"true\"><\/i> 4 \u0441uartos<\/span>                                                                            <span class=\"es-bottom-icon\"><i class=\"es-icon es-bath\" aria-hidden=\"true\"><\/i> 2 ba\u00f1os<\/span>                                            <\/div>\n                \n                                    <div class=\"es-bottom-icon-list\">\n                                                                            <span class=\"es-bottom-icon\"><i class=\"es-icon es-bed\" aria-hidden=\"true\"><\/i> 4 \u0441uartos<\/span>                                                                            <span class=\"es-bottom-icon\"><i class=\"es-icon es-bath\" aria-hidden=\"true\"><\/i> 2 ba\u00f1os<\/span>                                            <\/div>\n                \n                <div class=\"es-details-wrap es-details-no-padding\">\n                    <div class=\"es-details-flex\">\n                                                    <div class=\"es-map-link-wrap\">\n                                <a href=\"#\" class=\"es-map-view-link es-hover-show\" data-longitude=\"-3.853442199999999\"\n                                   data-latitude=\"43.3244492\">Ver en mapa<\/a>\n                            <\/div>\n                                                <span class=\"es-read-wrap\">\n                            <a href=\"https:\/\/felixconcha.com\/web\/index.php\/propiedad\/venta-de-casa-con-local-comercial\/\" class=\"es-button es-button-orange es-hover-show es-read\">Detalles<\/a>\n                        <\/span>\n                    <\/div>\n                <\/div>\n            <\/div>\n        <\/div>\n\n    <\/div>\n<\/div>\n                            \n<div id=\"post-3973\" class=\"post-3973 properties type-properties status-publish has-post-thumbnail hentry\">\n    <div class=\"es-property-inner\">\n        <div class=\"es-property-thumbnail\">\n            <div class=\"es-thumbnail\">\n                <a href=\"https:\/\/felixconcha.com\/web\/index.php\/propiedad\/venta-de-terreno-46\/\">\n                                            <img width=\"536\" height=\"370\" src=\"https:\/\/felixconcha.com\/web\/wp-content\/uploads\/2025\/02\/IMG_20250131_145523-536x370.jpg\" class=\"attachment-es-image-size-archive size-es-image-size-archive\" alt=\"\" loading=\"lazy\" \/>                    \n                                            <ul class=\"es-property-label-wrap\">\n                                                                                                                                                                                                                                        <\/ul>\n                                                                <div class=\"es-thumbnail-bottom\">7<\/div>\n                                    <\/a>\n            <\/div>\n        <\/div>\n\n        <div class=\"es-property-info\">\n\n            <div class=\"es-row-view\">\n                <h2>\n                    <a href=\"https:\/\/felixconcha.com\/web\/index.php\/propiedad\/venta-de-terreno-46\/\">Parque Argomilla De Cay\u00f3n, Argomilla, Espa\u00f1a<\/a>\n                    <span class=\"es-price\">95.000,00 \u20ac<\/span>                <\/h2>\n            <\/div>\n\n            <div class=\"es-col-view\">\n                <h2>\n                    <a class=\"es-property-link\" href=\"https:\/\/felixconcha.com\/web\/index.php\/propiedad\/venta-de-terreno-46\/\">Parque Argomilla De Cay\u00f3n, Argomilla, Espa\u00f1a<\/a>\n\t                                <\/h2>\n\t            <span class=\"es-price\">95.000,00 \u20ac<\/span>            <\/div>\n\n\t        \n            <div class=\"es-property-content\">\n                <div class=\"es-property-excerpt\">\n\t\t            <p class=\"excerpt\">Fant\u00e1stica parcela de 4115 m2 r\u00fastica ordinaria . Urbanizable mediante tramitaci\u00f3n C.R.O.T.U. se puede construir el 10%de la superficie del terreno. Se puede construir vivienda unifamiliar y en el resto del terreno si hay volumetr\u00eda viviendas tur\u00edsticas\u00a0 . Con vistas despejadas . Suministros cerca de la parcela al estar pegada al casco urbano. Buen acceso [&hellip;]<\/p>\n                <\/div>\n                <div class=\"es-property-wishlist\">\n\t\t                            <\/div>\n            <\/div>\n\n\n            <div class=\"es-bottom-info\">\n\n                \n                \n                <div class=\"es-details-wrap \">\n                    <div class=\"es-details-flex\">\n                                                    <div class=\"es-map-link-wrap\">\n                                <a href=\"#\" class=\"es-map-view-link es-hover-show\" data-longitude=\"-3.873025999999999\"\n                                   data-latitude=\"43.3080637\">Ver en mapa<\/a>\n                            <\/div>\n                                                <span class=\"es-read-wrap\">\n                            <a href=\"https:\/\/felixconcha.com\/web\/index.php\/propiedad\/venta-de-terreno-46\/\" class=\"es-button es-button-orange es-hover-show es-read\">Detalles<\/a>\n                        <\/span>\n                    <\/div>\n                <\/div>\n            <\/div>\n        <\/div>\n\n    <\/div>\n<\/div>\n                            \n<div id=\"post-3956\" class=\"post-3956 properties type-properties status-publish has-post-thumbnail hentry\">\n    <div class=\"es-property-inner\">\n        <div class=\"es-property-thumbnail\">\n            <div class=\"es-thumbnail\">\n                <a href=\"https:\/\/felixconcha.com\/web\/index.php\/propiedad\/venta-de-casa-58\/\">\n                                            <img width=\"536\" height=\"370\" src=\"https:\/\/felixconcha.com\/web\/wp-content\/uploads\/2025\/01\/IMG_20250123_170938-536x370.jpg\" class=\"attachment-es-image-size-archive size-es-image-size-archive\" alt=\"\" loading=\"lazy\" \/>                    \n                                            <ul class=\"es-property-label-wrap\">\n                                                                                                                                                                                                                        <li class=\"es-property-label es-property-label-vendido\"\n                                        style=\"color:#c40808\">Vendido<\/li><br>\n                                                                                    <\/ul>\n                                                                <div class=\"es-thumbnail-bottom\">14<\/div>\n                                    <\/a>\n            <\/div>\n        <\/div>\n\n        <div class=\"es-property-info\">\n\n            <div class=\"es-row-view\">\n                <h2>\n                    <a href=\"https:\/\/felixconcha.com\/web\/index.php\/propiedad\/venta-de-casa-58\/\">San Rom\u00e1n de Cayon<\/a>\n                    <span class=\"es-price\">145.000,00 \u20ac<\/span>                <\/h2>\n            <\/div>\n\n            <div class=\"es-col-view\">\n                <h2>\n                    <a class=\"es-property-link\" href=\"https:\/\/felixconcha.com\/web\/index.php\/propiedad\/venta-de-casa-58\/\">San Rom\u00e1n de Cayon<\/a>\n\t                                <\/h2>\n\t            <span class=\"es-price\">145.000,00 \u20ac<\/span>            <\/div>\n\n\t        \n            <div class=\"es-property-content\">\n                <div class=\"es-property-excerpt\">\n\t\t            <p class=\"excerpt\">Estupenda casa independiente de 314 M2 de superficie construida repartidos en 110 de vivienda ,184 de almacenes y 20 M2 de porche.La vivienda dispone de cocina ,sal\u00f3n,4 habitaciones y ba\u00f1o.La superficie del terreno son 403 M2 . Tiene el tejado reformado recientemente.La vivienda necesita actualizaci\u00f3n.Zona muy tranquila.A 25 minutos de Santander y 15 de Torrelavega [&hellip;]<\/p>\n                <\/div>\n                <div class=\"es-property-wishlist\">\n\t\t                            <\/div>\n            <\/div>\n\n\n            <div class=\"es-bottom-info\">\n\n                                    <div class=\"es-bottom-icon-cols\">\n                                                                             <span class=\"es-bottom-icon\"><i class=\"es-icon es-bed\" aria-hidden=\"true\"><\/i> 4 \u0441uartos<\/span>                                                                            <span class=\"es-bottom-icon\"><i class=\"es-icon es-bath\" aria-hidden=\"true\"><\/i> 1 ba\u00f1o<\/span>                                            <\/div>\n                \n                                    <div class=\"es-bottom-icon-list\">\n                                                                            <span class=\"es-bottom-icon\"><i class=\"es-icon es-bed\" aria-hidden=\"true\"><\/i> 4 \u0441uartos<\/span>                                                                            <span class=\"es-bottom-icon\"><i class=\"es-icon es-bath\" aria-hidden=\"true\"><\/i> 1 ba\u00f1o<\/span>                                            <\/div>\n                \n                <div class=\"es-details-wrap es-details-no-padding\">\n                    <div class=\"es-details-flex\">\n                                                <span class=\"es-read-wrap\">\n                            <a href=\"https:\/\/felixconcha.com\/web\/index.php\/propiedad\/venta-de-casa-58\/\" class=\"es-button es-button-orange es-hover-show es-read\">Detalles<\/a>\n                        <\/span>\n                    <\/div>\n                <\/div>\n            <\/div>\n        <\/div>\n\n    <\/div>\n<\/div>\n                            \n<div id=\"post-3950\" class=\"post-3950 properties type-properties status-publish has-post-thumbnail hentry\">\n    <div class=\"es-property-inner\">\n        <div class=\"es-property-thumbnail\">\n            <div class=\"es-thumbnail\">\n                <a href=\"https:\/\/felixconcha.com\/web\/index.php\/propiedad\/venta-de-terreno-45\/\">\n                                            <img width=\"536\" height=\"370\" src=\"https:\/\/felixconcha.com\/web\/wp-content\/uploads\/2024\/12\/Screenshot_2024-12-31-01-00-44-399_com.android.chrome-edit-536x370.jpg\" class=\"attachment-es-image-size-archive size-es-image-size-archive\" alt=\"\" loading=\"lazy\" \/>                    \n                                            <ul class=\"es-property-label-wrap\">\n                                                                                                                                                                                                                        <li class=\"es-property-label es-property-label-vendido\"\n                                        style=\"color:#c40808\">Vendido<\/li><br>\n                                                                                    <\/ul>\n                                                                <div class=\"es-thumbnail-bottom\">1<\/div>\n                                    <\/a>\n            <\/div>\n        <\/div>\n\n        <div class=\"es-property-info\">\n\n            <div class=\"es-row-view\">\n                <h2>\n                    <a href=\"https:\/\/felixconcha.com\/web\/index.php\/propiedad\/venta-de-terreno-45\/\">Iglesia de San Rom\u00e1n, La Iglesia Kalea, Tobillas, Espa\u00f1a<\/a>\n                    <span class=\"es-price\">65.000,00 \u20ac<\/span>                <\/h2>\n            <\/div>\n\n            <div class=\"es-col-view\">\n                <h2>\n                    <a class=\"es-property-link\" href=\"https:\/\/felixconcha.com\/web\/index.php\/propiedad\/venta-de-terreno-45\/\">Iglesia de San Rom\u00e1n, La Iglesia Kalea, Tobillas, Espa\u00f1a<\/a>\n\t                                <\/h2>\n\t            <span class=\"es-price\">65.000,00 \u20ac<\/span>            <\/div>\n\n\t        \n            <div class=\"es-property-content\">\n                <div class=\"es-property-excerpt\">\n\t\t            <p class=\"excerpt\">Magnifica parcela de 7417 m2 r\u00fastica ordinaria . Urbanizable mediante tramitaci\u00f3n C.R.O.T.U. se puede construir el 10%de la superficie del terreno. Se puede construir vivienda unifamiliar y en el resto del terreno si hay volumetr\u00eda viviendas tur\u00edsticas\u00a0 . Con vistas despejadas . Suministros cerca de la parcela al estar pegada al casco urbano. Buen acceso [&hellip;]<\/p>\n                <\/div>\n                <div class=\"es-property-wishlist\">\n\t\t                            <\/div>\n            <\/div>\n\n\n            <div class=\"es-bottom-info\">\n\n                \n                \n                <div class=\"es-details-wrap \">\n                    <div class=\"es-details-flex\">\n                                                    <div class=\"es-map-link-wrap\">\n                                <a href=\"#\" class=\"es-map-view-link es-hover-show\" data-longitude=\"-3.1876866\"\n                                   data-latitude=\"39.8799102\">Ver en mapa<\/a>\n                            <\/div>\n                                                <span class=\"es-read-wrap\">\n                            <a href=\"https:\/\/felixconcha.com\/web\/index.php\/propiedad\/venta-de-terreno-45\/\" class=\"es-button es-button-orange es-hover-show es-read\">Detalles<\/a>\n                        <\/span>\n                    <\/div>\n                <\/div>\n            <\/div>\n        <\/div>\n\n    <\/div>\n<\/div>\n                            \n<div id=\"post-3897\" class=\"post-3897 properties type-properties status-publish has-post-thumbnail hentry\">\n    <div class=\"es-property-inner\">\n        <div class=\"es-property-thumbnail\">\n            <div class=\"es-thumbnail\">\n                <a href=\"https:\/\/felixconcha.com\/web\/index.php\/propiedad\/venta-de-casa-de-piedra\/\">\n                                            <img width=\"536\" height=\"370\" src=\"https:\/\/felixconcha.com\/web\/wp-content\/uploads\/2024\/11\/IMG_20241115_165730-536x370.jpg\" class=\"attachment-es-image-size-archive size-es-image-size-archive\" alt=\"\" loading=\"lazy\" \/>                    \n                                            <ul class=\"es-property-label-wrap\">\n                                                                                                                                                            <li class=\"es-property-label es-property-label-reservado\"\n                                        style=\"color:#00cbf0\">Reservado<\/li><br>\n                                                                                                                                                <\/ul>\n                                                                <div class=\"es-thumbnail-bottom\">11<\/div>\n                                    <\/a>\n            <\/div>\n        <\/div>\n\n        <div class=\"es-property-info\">\n\n            <div class=\"es-row-view\">\n                <h2>\n                    <a href=\"https:\/\/felixconcha.com\/web\/index.php\/propiedad\/venta-de-casa-de-piedra\/\">Argomilla, Espa\u00f1a<\/a>\n                    <span class=\"es-price\">280.000,00 \u20ac<\/span>                <\/h2>\n            <\/div>\n\n            <div class=\"es-col-view\">\n                <h2>\n                    <a class=\"es-property-link\" href=\"https:\/\/felixconcha.com\/web\/index.php\/propiedad\/venta-de-casa-de-piedra\/\">Argomilla, Espa\u00f1a<\/a>\n\t                                <\/h2>\n\t            <span class=\"es-price\">280.000,00 \u20ac<\/span>            <\/div>\n\n\t        \n            <div class=\"es-property-content\">\n                <div class=\"es-property-excerpt\">\n\t\t            <p class=\"excerpt\">Esplendida casa de piedra pareada de 159 m2 enclavada en una parcela de 5980 m2 .La vivienda dispone de cocina-americana,4 habitaciones, 2 ba\u00f1os y terraza orientada al sur con bonitas vistas despejadas. Reformada recientemente con materiales de calidad. La calefacci\u00f3n y el agua caliente con aerotermia .Aproximadamente 20 minutos de Santander ,Torrelavega y playas. La zona mas cercana con servicios es Saron que esta a 3 km.<\/p>\n                <\/div>\n                <div class=\"es-property-wishlist\">\n\t\t                            <\/div>\n            <\/div>\n\n\n            <div class=\"es-bottom-info\">\n\n                                    <div class=\"es-bottom-icon-cols\">\n                                                                             <span class=\"es-bottom-icon\"><i class=\"es-icon es-bed\" aria-hidden=\"true\"><\/i> 4 \u0441uartos<\/span>                                                                            <span class=\"es-bottom-icon\"><i class=\"es-icon es-bath\" aria-hidden=\"true\"><\/i> 2 ba\u00f1os<\/span>                                            <\/div>\n                \n                                    <div class=\"es-bottom-icon-list\">\n                                                                            <span class=\"es-bottom-icon\"><i class=\"es-icon es-bed\" aria-hidden=\"true\"><\/i> 4 \u0441uartos<\/span>                                                                            <span class=\"es-bottom-icon\"><i class=\"es-icon es-bath\" aria-hidden=\"true\"><\/i> 2 ba\u00f1os<\/span>                                            <\/div>\n                \n                <div class=\"es-details-wrap es-details-no-padding\">\n                    <div class=\"es-details-flex\">\n                                                    <div class=\"es-map-link-wrap\">\n                                <a href=\"#\" class=\"es-map-view-link es-hover-show\" data-longitude=\"-3.8750755\"\n                                   data-latitude=\"43.3080457\">Ver en mapa<\/a>\n                            <\/div>\n                                                <span class=\"es-read-wrap\">\n                            <a href=\"https:\/\/felixconcha.com\/web\/index.php\/propiedad\/venta-de-casa-de-piedra\/\" class=\"es-button es-button-orange es-hover-show es-read\">Detalles<\/a>\n                        <\/span>\n                    <\/div>\n                <\/div>\n            <\/div>\n        <\/div>\n\n    <\/div>\n<\/div>\n                    <\/div>\n\n        \n\t<nav class=\"navigation pagination\" role=\"navigation\" aria-label=\" \">\n\t\t<h2 class=\"screen-reader-text\"> <\/h2>\n\t\t<div class=\"nav-links\"><ul class='page-numbers'>\n\t<li><span aria-current=\"page\" class=\"page-numbers current\">1<\/span><\/li>\n\t<li><a class=\"page-numbers\" href=\"https:\/\/felixconcha.com\/web\/index.php\/wp-json\/wp\/v2\/pages\/21\/?paged-1=2\">2<\/a><\/li>\n\t<li><a class=\"page-numbers\" href=\"https:\/\/felixconcha.com\/web\/index.php\/wp-json\/wp\/v2\/pages\/21\/?paged-1=3\">3<\/a><\/li>\n\t<li><a class=\"next page-numbers\" href=\"https:\/\/felixconcha.com\/web\/index.php\/wp-json\/wp\/v2\/pages\/21\/?paged-1=2\">Siguiente &raquo;<\/a><\/li>\n<\/ul>\n<\/div>\n\t<\/nav>    <\/div>\n            <\/div>\n\t\t\t\t<\/div>\n\t\t\t\t<\/div>\n\t\t\t\t\t\t<\/div>\n\t\t\t\t\t<\/div>\n\t\t<\/div>\n\t\t\t\t\t\t\t\t<\/div>\n\t\t\t\t\t<\/div>\n\t\t<\/section>\n\t\t\t\t\t\t<\/div>\n\t\t\t\t\t\t<\/div>\n\t\t\t\t\t<\/div>\n\t\t","protected":false},"excerpt":{"rendered":"","protected":false},"author":1,"featured_media":0,"parent":0,"menu_order":0,"comment_status":"closed","ping_status":"closed","template":"template-blank.php","meta":[],"_links":{"self":[{"href":"https:\/\/felixconcha.com\/web\/index.php\/wp-json\/wp\/v2\/pages\/21"}],"collection":[{"href":"https:\/\/felixconcha.com\/web\/index.php\/wp-json\/wp\/v2\/pages"}],"about":[{"href":"https:\/\/felixconcha.com\/web\/index.php\/wp-json\/wp\/v2\/types\/page"}],"author":[{"embeddable":true,"href":"https:\/\/felixconcha.com\/web\/index.php\/wp-json\/wp\/v2\/users\/1"}],"replies":[{"embeddable":true,"href":"https:\/\/felixconcha.com\/web\/index.php\/wp-json\/wp\/v2\/comments?post=21"}],"version-history":[{"count":3,"href":"https:\/\/felixconcha.com\/web\/index.php\/wp-json\/wp\/v2\/pages\/21\/revisions"}],"predecessor-version":[{"id":55,"href":"https:\/\/felixconcha.com\/web\/index.php\/wp-json\/wp\/v2\/pages\/21\/revisions\/55"}],"wp:attachment":[{"href":"https:\/\/felixconcha.com\/web\/index.php\/wp-json\/wp\/v2\/media?parent=21"}],"curies":[{"name":"wp","href":"https:\/\/api.w.org\/{rel}","templated":true}]}}